{"id":1076,"date":"2019-12-28T15:06:08","date_gmt":"2019-12-28T14:06:08","guid":{"rendered":"https:\/\/kulturbau.ch\/ws19\/?post_type=product&#038;p=1076"},"modified":"2022-11-03T07:48:44","modified_gmt":"2022-11-03T06:48:44","slug":"uta-koebernick-cd-auch-nicht-schlimmer","status":"publish","type":"product","link":"https:\/\/kulturbau.ch\/ws19\/shop\/uta-koebernick\/uta-koebernick-cd-auch-nicht-schlimmer\/","title":{"rendered":"UTA K\u00d6BERNICK \u2013 CD \u00abAuch nicht schlimmer\u00bb"},"content":{"rendered":"<h3>Audio-CD<br \/>\nUta K\u00f6bernick plus Kapelle \u00a0(2010)<\/h3>\n<h4>Preis der deutschen Schallplattenkritik 2011!<\/h4>\n<p><strong>Inhalt:<\/strong><br \/>\nMein Herz, das macht Sachen<br \/>\nVergessen worums geht<br \/>\nKreisen<br \/>\nScheitern<br \/>\nWir haben ja uns<br \/>\nK\u00fcche<br \/>\nBloss nicht dran r\u00fchren<br \/>\nTapfer<br \/>\nBallade vom Helmholtzplatz<br \/>\nNur bei dir<br \/>\nLied an einen, dem es schlecht geht<br \/>\nSchl\u00fcssel<br \/>\nFr\u00fchlingslied<br \/>\n<a title=\"Videoclip \u201eTee kochen\u201f\" href=\"https:\/\/www.koebernick.ch\/wp\/medien\/videos\/#teekochen\">Tee kochen<\/a><br \/>\nLg (Luxusgefuehle)<br \/>\nIch werd berichten<\/p>\n<p>&nbsp;<\/p>\n<hr \/>\n<p>Das erste Studioalbum der Berliner Schauspielerin, Kabarettistin und S\u00e4ngerin <span class=\"caps\">UTA<\/span> <span class=\"caps\">K\u00d6BERNICK<\/span> bietet eine brilliante Mischung aus Folk, Pop, Chanson und intelligent humorvoller Poesie. Produziert und arrangiert von <span class=\"caps\">DOTA<\/span> <span class=\"caps\">KEHR<\/span>. Auch Nicht Schlimmer erscheint im Digipack-Format inklusive 12-seitigem Booklet auf <span class=\"caps\">KLEINGELDPRINZESSIN<\/span> <span class=\"caps\">RECORDS<\/span>.UTA <span class=\"caps\">K\u00d6BERNICK<\/span> ist ein vielbebesch\u00e4ftigtes Multitalent. So arbeitet die geb\u00fcrtige Berlinerin, die bereits im Alter von f\u00fcnfzehn Jahren mit dem Verfassen von Gedichten, Kurzschichten sowie eigenen Liedtexten begann, seit Ende der neunziger Jahre als Theater-Schauspielerin, Kabarettistin und S\u00e4ngerin. Jetzt erscheint das erste Studioalbum mit sechzehn Eigenkompositionen der mittlerweile in Z\u00fcrich lebenden K\u00fcnstlerin, die 2009 mit dem Deutschen Kleinkunstpreis ausgezeichnet wurde. <span class=\"caps\">UTA<\/span> <span class=\"caps\">K\u00d6BERNICK<\/span>s Lieder sind von bestechender, intelligent humorvoller Direktheit und gef\u00fchlvoll ber\u00fchrend zugleich. Auf Auch Nicht Schlimmer erweist sich die mit einem ausgepr\u00e4gten Sinn f\u00fcr subtil bissige Ironie ausgestattete Songschreiberin als gro\u00dfartige Beobachterin der menschlichen Innen- und Au\u00dfenwelt, die ihre aus dem Alltag gegriffenen Themen mit scharf sezierendem Blick (und sprachlich pointiert) auslotet. Meisterhaft und mit einem sicherem Gesp\u00fcr f\u00fcr abgr\u00fcndige Tiefe tanzt sie hoch oben auf dem Drahtseil der anspruchsvollen Unterhaltung. Dabei greift sie kunstvoll in die akustischen Gitarrensaiten und pr\u00e4sentiert \u2013 unterst\u00fctzt von hochkar\u00e4tigen Begleitern wie <span class=\"caps\">DOTA<\/span> <span class=\"caps\">KEHR<\/span> (Akkordeon, Gitarre, Gesang), <span class=\"caps\">NICOLAI<\/span> <span class=\"caps\">ZIEL<\/span> (Schlagzeug), <span class=\"caps\">SIMON<\/span> <span class=\"caps\">BAUER<\/span> (Kontrabass), <span class=\"caps\">JAN<\/span> <span class=\"caps\">ROHRBACH<\/span> (E-Gitarre) und <span class=\"caps\">JONAS<\/span> <span class=\"caps\">HAUER<\/span> (Tasteninstrumente) \u2013 in charmant trotziger Manier eine harmonisch ausgereifte und perfekt arrangierte Mischung aus Folk, Pop und Chanson.<\/p>\n<hr \/>\n<pre class=\"date\"><strong>\r\nVer\u00f6ffentlichung:<\/strong> 21.01.2011\r\n<strong>Label:<\/strong> Kleingeldprinzessin Records\r\n<strong>Genre:<\/strong> Pop deutsch\r\n<strong>Format:<\/strong> CD\r\n<strong>Setinhalt:<\/strong> 1<\/pre>\n","protected":false},"excerpt":{"rendered":"<p><strong>Ver\u00f6ffentlichung:<\/strong> 21.01.2011<br \/>\n<strong>Label:<\/strong> Kleingeldprinzessin Records<br \/>\n<strong>Genre:<\/strong> Pop deutsch<br \/>\n<strong>Format:<\/strong>\u00a0Audio-CD<br \/>\n<strong>ArtikelNr.<\/strong> 12710<br \/>\n<strong>Setinhalt:<\/strong> 1<\/p>\n","protected":false},"featured_media":1077,"template":"","meta":[],"product_brand":[],"product_cat":[49,48],"product_tag":[51,50],"class_list":{"0":"post-1076","1":"product","2":"type-product","3":"status-publish","4":"has-post-thumbnail","6":"product_cat-cd","7":"product_cat-uta-koebernick","8":"product_tag-cd","9":"product_tag-uta-koebernick","11":"first","12":"instock","13":"taxable","14":"shipping-taxable","15":"purchasable","16":"product-type-simple"},"yoast_head":"<!-- This site is optimized with the Yoast SEO plugin v27.1.1 - https:\/\/yoast.com\/product\/yoast-seo-wordpress\/ -->\n<title>UTA K\u00d6BERNICK \u2013 CD \u00abAuch nicht schlimmer\u00bb - Kulturbau GmbH<\/title>\n<meta name=\"description\" content=\"CD Uta K\u00f6bernick \u00abAuch nicht schlimmer\u00bb\" \/>\n<meta name=\"robots\" content=\"index, follow, max-snippet:-1, max-image-preview:large, max-video-preview:-1\" \/>\n<link rel=\"canonical\" href=\"https:\/\/kulturbau.ch\/ws19\/shop\/uta-koebernick\/uta-koebernick-cd-auch-nicht-schlimmer\/\" \/>\n<meta property=\"og:locale\" content=\"de_DE\" \/>\n<meta property=\"og:type\" content=\"article\" \/>\n<meta property=\"og:title\" content=\"UTA K\u00d6BERNICK \u2013 CD \u00abAuch nicht schlimmer\u00bb - Kulturbau GmbH\" \/>\n<meta property=\"og:description\" content=\"CD Uta K\u00f6bernick \u00abAuch nicht schlimmer\u00bb\" \/>\n<meta property=\"og:url\" content=\"https:\/\/kulturbau.ch\/ws19\/shop\/uta-koebernick\/uta-koebernick-cd-auch-nicht-schlimmer\/\" \/>\n<meta property=\"og:site_name\" content=\"Kulturbau GmbH\" \/>\n<meta property=\"article:publisher\" content=\"https:\/\/www.facebook.com\/kulturbau\" \/>\n<meta property=\"article:modified_time\" content=\"2022-11-03T06:48:44+00:00\" \/>\n<meta property=\"og:image\" content=\"https:\/\/kulturbau.ch\/ws19\/wp-content\/uploads\/2019\/12\/uta_koebernick.jpg\" \/>\n\t<meta property=\"og:image:width\" content=\"1200\" \/>\n\t<meta property=\"og:image:height\" content=\"1052\" \/>\n\t<meta property=\"og:image:type\" content=\"image\/jpeg\" \/>\n<meta name=\"twitter:card\" content=\"summary_large_image\" \/>\n<meta name=\"twitter:label1\" content=\"Gesch\u00e4tzte Lesezeit\" \/>\n\t<meta name=\"twitter:data1\" content=\"2\u00a0Minuten\" \/>\n<script type=\"application\/ld+json\" class=\"yoast-schema-graph\">{\"@context\":\"https:\/\/schema.org\",\"@graph\":[{\"@type\":\"WebPage\",\"@id\":\"https:\/\/kulturbau.ch\/ws19\/shop\/uta-koebernick\/uta-koebernick-cd-auch-nicht-schlimmer\/\",\"url\":\"https:\/\/kulturbau.ch\/ws19\/shop\/uta-koebernick\/uta-koebernick-cd-auch-nicht-schlimmer\/\",\"name\":\"UTA K\u00d6BERNICK \u2013 CD \u00abAuch nicht schlimmer\u00bb - Kulturbau GmbH\",\"isPartOf\":{\"@id\":\"https:\/\/kulturbau.ch\/ws19\/#website\"},\"primaryImageOfPage\":{\"@id\":\"https:\/\/kulturbau.ch\/ws19\/shop\/uta-koebernick\/uta-koebernick-cd-auch-nicht-schlimmer\/#primaryimage\"},\"image\":{\"@id\":\"https:\/\/kulturbau.ch\/ws19\/shop\/uta-koebernick\/uta-koebernick-cd-auch-nicht-schlimmer\/#primaryimage\"},\"thumbnailUrl\":\"https:\/\/kulturbau.ch\/ws19\/wp-content\/uploads\/2019\/12\/uta_koebernick.jpg\",\"datePublished\":\"2019-12-28T14:06:08+00:00\",\"dateModified\":\"2022-11-03T06:48:44+00:00\",\"description\":\"CD Uta K\u00f6bernick \u00abAuch nicht schlimmer\u00bb\",\"breadcrumb\":{\"@id\":\"https:\/\/kulturbau.ch\/ws19\/shop\/uta-koebernick\/uta-koebernick-cd-auch-nicht-schlimmer\/#breadcrumb\"},\"inLanguage\":\"de-CH\",\"potentialAction\":[{\"@type\":\"ReadAction\",\"target\":[\"https:\/\/kulturbau.ch\/ws19\/shop\/uta-koebernick\/uta-koebernick-cd-auch-nicht-schlimmer\/\"]}]},{\"@type\":\"ImageObject\",\"inLanguage\":\"de-CH\",\"@id\":\"https:\/\/kulturbau.ch\/ws19\/shop\/uta-koebernick\/uta-koebernick-cd-auch-nicht-schlimmer\/#primaryimage\",\"url\":\"https:\/\/kulturbau.ch\/ws19\/wp-content\/uploads\/2019\/12\/uta_koebernick.jpg\",\"contentUrl\":\"https:\/\/kulturbau.ch\/ws19\/wp-content\/uploads\/2019\/12\/uta_koebernick.jpg\",\"width\":1200,\"height\":1052},{\"@type\":\"BreadcrumbList\",\"@id\":\"https:\/\/kulturbau.ch\/ws19\/shop\/uta-koebernick\/uta-koebernick-cd-auch-nicht-schlimmer\/#breadcrumb\",\"itemListElement\":[{\"@type\":\"ListItem\",\"position\":1,\"name\":\"Home\",\"item\":\"https:\/\/kulturbau.ch\/ws19\/\"},{\"@type\":\"ListItem\",\"position\":2,\"name\":\"Shop\",\"item\":\"https:\/\/kulturbau.ch\/ws19\/shop\/\"},{\"@type\":\"ListItem\",\"position\":3,\"name\":\"UTA K\u00d6BERNICK \u2013 CD \u00abAuch nicht schlimmer\u00bb\"}]},{\"@type\":\"WebSite\",\"@id\":\"https:\/\/kulturbau.ch\/ws19\/#website\",\"url\":\"https:\/\/kulturbau.ch\/ws19\/\",\"name\":\"Kulturbau GmbH\",\"description\":\"K\u00fcnstlervermittlung &amp; Kulturproduktionen\",\"publisher\":{\"@id\":\"https:\/\/kulturbau.ch\/ws19\/#organization\"},\"potentialAction\":[{\"@type\":\"SearchAction\",\"target\":{\"@type\":\"EntryPoint\",\"urlTemplate\":\"https:\/\/kulturbau.ch\/ws19\/?s={search_term_string}\"},\"query-input\":{\"@type\":\"PropertyValueSpecification\",\"valueRequired\":true,\"valueName\":\"search_term_string\"}}],\"inLanguage\":\"de-CH\"},{\"@type\":\"Organization\",\"@id\":\"https:\/\/kulturbau.ch\/ws19\/#organization\",\"name\":\"Kulturbau GmbH\",\"url\":\"https:\/\/kulturbau.ch\/ws19\/\",\"logo\":{\"@type\":\"ImageObject\",\"inLanguage\":\"de-CH\",\"@id\":\"https:\/\/kulturbau.ch\/ws19\/#\/schema\/logo\/image\/\",\"url\":\"https:\/\/kulturbau.ch\/ws19\/wp-content\/uploads\/2019\/07\/kulturbau_logo.gif\",\"contentUrl\":\"https:\/\/kulturbau.ch\/ws19\/wp-content\/uploads\/2019\/07\/kulturbau_logo.gif\",\"width\":313,\"height\":58,\"caption\":\"Kulturbau GmbH\"},\"image\":{\"@id\":\"https:\/\/kulturbau.ch\/ws19\/#\/schema\/logo\/image\/\"},\"sameAs\":[\"https:\/\/www.facebook.com\/kulturbau\",\"https:\/\/www.instagram.com\/kulturbau_agentur\/\"]}]}<\/script>\n<!-- \/ Yoast SEO plugin. -->","yoast_head_json":{"title":"UTA K\u00d6BERNICK \u2013 CD \u00abAuch nicht schlimmer\u00bb - Kulturbau GmbH","description":"CD Uta K\u00f6bernick \u00abAuch nicht schlimmer\u00bb","robots":{"index":"index","follow":"follow","max-snippet":"max-snippet:-1","max-image-preview":"max-image-preview:large","max-video-preview":"max-video-preview:-1"},"canonical":"https:\/\/kulturbau.ch\/ws19\/shop\/uta-koebernick\/uta-koebernick-cd-auch-nicht-schlimmer\/","og_locale":"de_DE","og_type":"article","og_title":"UTA K\u00d6BERNICK \u2013 CD \u00abAuch nicht schlimmer\u00bb - Kulturbau GmbH","og_description":"CD Uta K\u00f6bernick \u00abAuch nicht schlimmer\u00bb","og_url":"https:\/\/kulturbau.ch\/ws19\/shop\/uta-koebernick\/uta-koebernick-cd-auch-nicht-schlimmer\/","og_site_name":"Kulturbau GmbH","article_publisher":"https:\/\/www.facebook.com\/kulturbau","article_modified_time":"2022-11-03T06:48:44+00:00","og_image":[{"width":1200,"height":1052,"url":"https:\/\/kulturbau.ch\/ws19\/wp-content\/uploads\/2019\/12\/uta_koebernick.jpg","type":"image\/jpeg"}],"twitter_card":"summary_large_image","twitter_misc":{"Gesch\u00e4tzte Lesezeit":"2\u00a0Minuten"},"schema":{"@context":"https:\/\/schema.org","@graph":[{"@type":"WebPage","@id":"https:\/\/kulturbau.ch\/ws19\/shop\/uta-koebernick\/uta-koebernick-cd-auch-nicht-schlimmer\/","url":"https:\/\/kulturbau.ch\/ws19\/shop\/uta-koebernick\/uta-koebernick-cd-auch-nicht-schlimmer\/","name":"UTA K\u00d6BERNICK \u2013 CD \u00abAuch nicht schlimmer\u00bb - Kulturbau GmbH","isPartOf":{"@id":"https:\/\/kulturbau.ch\/ws19\/#website"},"primaryImageOfPage":{"@id":"https:\/\/kulturbau.ch\/ws19\/shop\/uta-koebernick\/uta-koebernick-cd-auch-nicht-schlimmer\/#primaryimage"},"image":{"@id":"https:\/\/kulturbau.ch\/ws19\/shop\/uta-koebernick\/uta-koebernick-cd-auch-nicht-schlimmer\/#primaryimage"},"thumbnailUrl":"https:\/\/kulturbau.ch\/ws19\/wp-content\/uploads\/2019\/12\/uta_koebernick.jpg","datePublished":"2019-12-28T14:06:08+00:00","dateModified":"2022-11-03T06:48:44+00:00","description":"CD Uta K\u00f6bernick \u00abAuch nicht schlimmer\u00bb","breadcrumb":{"@id":"https:\/\/kulturbau.ch\/ws19\/shop\/uta-koebernick\/uta-koebernick-cd-auch-nicht-schlimmer\/#breadcrumb"},"inLanguage":"de-CH","potentialAction":[{"@type":"ReadAction","target":["https:\/\/kulturbau.ch\/ws19\/shop\/uta-koebernick\/uta-koebernick-cd-auch-nicht-schlimmer\/"]}]},{"@type":"ImageObject","inLanguage":"de-CH","@id":"https:\/\/kulturbau.ch\/ws19\/shop\/uta-koebernick\/uta-koebernick-cd-auch-nicht-schlimmer\/#primaryimage","url":"https:\/\/kulturbau.ch\/ws19\/wp-content\/uploads\/2019\/12\/uta_koebernick.jpg","contentUrl":"https:\/\/kulturbau.ch\/ws19\/wp-content\/uploads\/2019\/12\/uta_koebernick.jpg","width":1200,"height":1052},{"@type":"BreadcrumbList","@id":"https:\/\/kulturbau.ch\/ws19\/shop\/uta-koebernick\/uta-koebernick-cd-auch-nicht-schlimmer\/#breadcrumb","itemListElement":[{"@type":"ListItem","position":1,"name":"Home","item":"https:\/\/kulturbau.ch\/ws19\/"},{"@type":"ListItem","position":2,"name":"Shop","item":"https:\/\/kulturbau.ch\/ws19\/shop\/"},{"@type":"ListItem","position":3,"name":"UTA K\u00d6BERNICK \u2013 CD \u00abAuch nicht schlimmer\u00bb"}]},{"@type":"WebSite","@id":"https:\/\/kulturbau.ch\/ws19\/#website","url":"https:\/\/kulturbau.ch\/ws19\/","name":"Kulturbau GmbH","description":"K\u00fcnstlervermittlung &amp; Kulturproduktionen","publisher":{"@id":"https:\/\/kulturbau.ch\/ws19\/#organization"},"potentialAction":[{"@type":"SearchAction","target":{"@type":"EntryPoint","urlTemplate":"https:\/\/kulturbau.ch\/ws19\/?s={search_term_string}"},"query-input":{"@type":"PropertyValueSpecification","valueRequired":true,"valueName":"search_term_string"}}],"inLanguage":"de-CH"},{"@type":"Organization","@id":"https:\/\/kulturbau.ch\/ws19\/#organization","name":"Kulturbau GmbH","url":"https:\/\/kulturbau.ch\/ws19\/","logo":{"@type":"ImageObject","inLanguage":"de-CH","@id":"https:\/\/kulturbau.ch\/ws19\/#\/schema\/logo\/image\/","url":"https:\/\/kulturbau.ch\/ws19\/wp-content\/uploads\/2019\/07\/kulturbau_logo.gif","contentUrl":"https:\/\/kulturbau.ch\/ws19\/wp-content\/uploads\/2019\/07\/kulturbau_logo.gif","width":313,"height":58,"caption":"Kulturbau GmbH"},"image":{"@id":"https:\/\/kulturbau.ch\/ws19\/#\/schema\/logo\/image\/"},"sameAs":["https:\/\/www.facebook.com\/kulturbau","https:\/\/www.instagram.com\/kulturbau_agentur\/"]}]}},"_links":{"self":[{"href":"https:\/\/kulturbau.ch\/ws19\/wp-json\/wp\/v2\/product\/1076","targetHints":{"allow":["GET"]}}],"collection":[{"href":"https:\/\/kulturbau.ch\/ws19\/wp-json\/wp\/v2\/product"}],"about":[{"href":"https:\/\/kulturbau.ch\/ws19\/wp-json\/wp\/v2\/types\/product"}],"wp:featuredmedia":[{"embeddable":true,"href":"https:\/\/kulturbau.ch\/ws19\/wp-json\/wp\/v2\/media\/1077"}],"wp:attachment":[{"href":"https:\/\/kulturbau.ch\/ws19\/wp-json\/wp\/v2\/media?parent=1076"}],"wp:term":[{"taxonomy":"product_brand","embeddable":true,"href":"https:\/\/kulturbau.ch\/ws19\/wp-json\/wp\/v2\/product_brand?post=1076"},{"taxonomy":"product_cat","embeddable":true,"href":"https:\/\/kulturbau.ch\/ws19\/wp-json\/wp\/v2\/product_cat?post=1076"},{"taxonomy":"product_tag","embeddable":true,"href":"https:\/\/kulturbau.ch\/ws19\/wp-json\/wp\/v2\/product_tag?post=1076"}],"curies":[{"name":"wp","href":"https:\/\/api.w.org\/{rel}","templated":true}]}}