{"id":220,"date":"2019-07-06T20:20:39","date_gmt":"2019-07-06T18:20:39","guid":{"rendered":"https:\/\/kulturbau.ch\/ws19\/?page_id=220"},"modified":"2025-07-04T11:27:11","modified_gmt":"2025-07-04T09:27:11","slug":"schoengut","status":"publish","type":"page","link":"https:\/\/kulturbau.ch\/ws19\/schoengut\/","title":{"rendered":"sch\u00f6n&#038;gut"},"content":{"rendered":"<div class=\"fusion-fullwidth fullwidth-box fusion-builder-row-1 nonhundred-percent-fullwidth non-hundred-percent-height-scrolling gradient-container-1\" style=\"--awb-border-radius-top-left:0px;--awb-border-radius-top-right:0px;--awb-border-radius-bottom-right:0px;--awb-border-radius-bottom-left:0px;--awb-flex-wrap:wrap;\" ><div class=\"fusion-builder-row fusion-row\"><div class=\"fusion-layout-column fusion_builder_column fusion-builder-column-0 fusion_builder_column_4_5 4_5 fusion-four-fifth fusion-column-first\" style=\"--awb-bg-blend:overlay;--awb-bg-size:cover;--awb-margin-top:0px;width:80%;width:calc(80% - ( ( 4% ) * 0.8 ) );margin-right: 4%;\"><div class=\"fusion-column-wrapper fusion-column-has-shadow fusion-flex-column-wrapper-legacy\"><div class=\"fusion-text fusion-text-1\"><p><span style=\"color: var(--body_typography-color); font-family: var(--body_typography-font-family); font-size: var(--body_typography-font-size); font-style: var(--body_typography-font-style,normal); letter-spacing: var(--body_typography-letter-spacing);\"><span style=\"color: #000099;\"><span style=\"font-size: 19px; line-height: 19px;\" data-fusion-font=\"true\"><span style=\"font-size: 31px; line-height: 40px;\" data-fusion-font=\"true\">Poetisches und politisches Kabarett <\/span><br \/>\n<\/span><\/span><\/span><b style=\"color: var(--body_typography-color); font-family: var(--body_typography-font-family); font-size: var(--body_typography-font-size); font-style: var(--body_typography-font-style,normal); letter-spacing: var(--body_typography-letter-spacing);\"><span style=\"color: #000099; font-size: 31px; line-height: 40px;\" data-fusion-font=\"true\">mit Anna-Katharina Rickert &amp; Ralf Schlatter<\/span><\/b><\/p>\n<p><strong style=\"color: var(--body_typography-color); font-family: var(--body_typography-font-family); font-size: var(--body_typography-font-size); font-style: var(--body_typography-font-style,normal); letter-spacing: var(--body_typography-letter-spacing);\"> <\/strong><\/p>\n<p><strong style=\"color: var(--body_typography-color); font-family: var(--body_typography-font-family); font-size: var(--body_typography-font-size); font-style: var(--body_typography-font-style,normal); letter-spacing: var(--body_typography-letter-spacing);\">Seit \u00fcber 24 Jahren stehen sch\u00f6n&amp;gut mit poetischem und politischem Kabarett auf den Kleinkunstb\u00fchnen der Deutschschweiz. 2004 erhielten sie den Salzburger Stier, 2014 den Schweizer Kabarettpreis Cornichon und 2017 den Schweizer Kleinkunstpreis!<\/strong><\/p>\n<p><span style=\"color: #000000;\"><span style=\"font-family: ParryGrotesquePro-SemiBold, serif;\"><span style=\"font-size: large;\"><em>\u00abKunst wird immer von starken Str\u00f6mungen beherrscht \u2013 und immer schwimmen Einzelne gegen den Strom. sch\u00f6n&amp;gut tun das mit langem Atem. Comedy ist heute in der freien Szene marktbeherrschend, aber sch\u00f6n&amp;gut behaupten literarisches Sprechtheater wider jeden Zeitgeist. Mit Leichtigkeit l\u00f6sen sie festgeschriebene Gegens\u00e4tze in Luft auf: Sie machen politisches und sinnliches Kabarett. Ihre Texte sind literarisch verschl\u00fcsselt und das Publikum am\u00fcsiert sich k\u00f6stlich. Sie kritisieren mit scharfer Klinge und zelebrieren genussvolle Raffinesse. Sie sind intellektuell anspruchsvoll und abgr\u00fcndig witzig. Sie sind Sprachvirtuosen und f\u00fcr alle leicht verst\u00e4ndlich. sch\u00f6n&amp;gut machen einfach ihr eigenes Ding.<\/em>\u00bb<i> (<\/i><\/span><\/span><\/span><span style=\"color: #000000;\"><span style=\"font-family: ParryGrotesquePro-SemiBold, serif;\"><span style=\"font-size: large;\"><i>Gardi Hutter, Jurymitglied Schweizer Kleinkunstpreis)<\/i><\/span><\/span><\/span><\/p>\n<p><span style=\"font-family: ParryGrotesquePro-SemiBold, serif;\"><span style=\"font-size: large; color: #ffffff;\">.<\/span><\/span><\/p>\n<\/div><div class=\"fusion-text fusion-text-2\"><h1><span class=\"Stil3\" style=\"color: #000099;\"><span class=\"Stil7\"><span style=\"color: var(--awb-color4);\">Neues Programm ab Sept. 2025<\/span><strong><br \/>\n<\/strong><\/span><\/span><\/h1>\n<div><span class=\"Stil3\" style=\"color: #000099;\"><span class=\"Stil7\"><span style=\"color: var(--awb-color4);\"><b>Saga Nr 7. aus Grossh\u00f6chstetten:<\/b><\/span><\/span><\/span><\/div>\n<hr>\n<h1><\/h1>\n<\/div><div class=\"fusion-text fusion-text-3\"><h1><span class=\"Stil3\" style=\"color: #000099;\"><span class=\"Stil7\"><span style=\"color: var(--awb-color8);\">\u00abUnter freiem Himmel\u00bb<\/span><\/span><\/span><\/h1>\n<h1><\/h1>\n<\/div><div class=\"fusion-title title fusion-title-1 fusion-sep-none fusion-title-text fusion-title-size-one\" style=\"--awb-text-color:#f47a00;--awb-margin-bottom:0px;--awb-margin-top-small:0px;--awb-margin-right-small:0px;--awb-margin-bottom-small:0px;--awb-margin-left-small:0px;\"><h1 class=\"fusion-title-heading title-heading-left fusion-responsive-typography-calculated\" style=\"margin:0;--fontSize:37;line-height:1.2;\"><\/h1><\/div><div class=\"fusion-text fusion-text-4\"><p>Nur alle 50 Jahre wird in Grossh\u00f6chstetten das Freilichtspiel \u00abDie Blutbuche\u00bb aufgef\u00fchrt, und jeweils nur an einem einzigen Abend, denn am Ende des St\u00fccks wird der Baum gef\u00e4llt. Nun ist es wieder soweit, das Theaterfieber erfasst das ganze Dorf. <\/p>\n<p>Doch Regisseurin Frau Gut st\u00f6sst bald einmal an ihre Grenzen, denn Gemeindepr\u00e4sident Kellenberger \u2013 in der Rolle des Freiheitshelden W\u00fcthrich \u2013 l\u00e4sst sich nichts sagen, die Statisten Hans und Heiri sagen viel, aber immer das Falsche, und Herrn Sch\u00f6n \u2013 als Vogt H\u00fcnigwald \u2013 sagt das Herumreiten auf alten Traditionen ohnehin nichts. Sprich: Alle reiten und reden aneinander vorbei. <\/p>\n<p>Als Sch\u00f6n im w\u00fcsten Streit um Deutungsmacht, Freiheit und Demokratie zu einem radikalen Mittel greift, steht pl\u00f6tzlich viel mehr als ein Theaterst\u00fcck auf dem Spiel. Kann Lettin Agneta die Auff\u00fchrung retten? Rauft sich das Dorf zusammen? Und was sagt eigentlich der Baum zur ganzen Geschichte? Von Herrn und Frau Meise auf seinen \u00c4sten mal ganz zu schweigen.<\/p>\n<p><b>Der siebte Streich von sch\u00f6n&amp;gut bringt einmal mehr geistreiche Satire, grenzenlose Fantasie, Wortspiel, Gesang und jede Menge fliegender Rollenwechsel. Und am Ende vielleicht eine ganz neue Geschichte.<\/b><\/p>\n<p>Regie: Roland Suter<br \/><span style=\"font-family: var(--body_typography-font-family); font-size: var(--body_typography-font-size); font-style: var(--body_typography-font-style,normal); letter-spacing: var(--body_typography-letter-spacing); text-align: var(--awb-content-alignment); text-transform: var(--awb-text-transform);\"><b>Premiere: 18. Sept. 2025, Teufelhof Basel <\/b><a href=\"https:\/\/www.schoenundgut.ch\/spielplan\" target=\"_blank\" rel=\"noopener noreferrer\"><b>&gt;<\/b>weitere Spiedaten<\/a><\/span><\/p>\n<p><span style=\"color: #ffffff;\">.<\/span><\/p>\n<\/div><div class=\"fusion-video fusion-youtube\" style=\"--awb-max-width:900px;--awb-max-height:506px;\"><div class=\"video-shortcode\"><lite-youtube videoid=\"BW1nKuwI1po\" class=\"landscape\" params=\"wmode=transparent&autoplay=1&amp;enablejsapi=1\" title=\"YouTube video player 1\" data-button-label=\"Play Video\" width=\"900\" height=\"506\" data-thumbnail-size=\"auto\" data-no-cookie=\"on\"><\/lite-youtube><\/div><\/div><div class=\"fusion-text fusion-text-5\"><h1><span class=\"Stil3\" style=\"color: #000099;\"><span class=\"Stil7\"><strong>Auszug Medienspiegel<br \/>\n<\/strong><\/span><\/span><\/h1>\n<hr \/>\n<h1><\/h1>\n<\/div><div class=\"fusion-text fusion-text-6 awb-text-cols fusion-text-columns-2\" style=\"--awb-columns:2;--awb-column-spacing:2em;--awb-column-min-width:100px;--awb-margin-top:50px;\"><p><em><span style=\"color: #ffffff;\">.<\/span>\u00abDas Duo sch\u00f6n&amp;gut gewinnt das vierte Comedy-Rating der Sonntags-Zeitung 2013.\u00a0Das ist ja sch\u00f6n und gut, aber \u2026 \u2013 getreu ihrem Namen versteckt \u00a0das Duo sch\u00f6n&amp;gut in seinen kunstvoll gedrechselten S\u00e4tzen abgr\u00fcndige Missverst\u00e4ndnisse. Anna-Katharina Rickert und Ralf Schlatter ritzen mit feinem Humor und musikalischer Raffinesse an der Fassade einer heilen Schweiz. Und schaffen dank ihrer Lust an der Sprache den schwierigen Spagat zwischen intellektuellem Anspruch und volksnahem Witz.\u00bb.(Sonntags-Zeitung 2013)<\/em><\/p>\n<p><em>\u00abDem Theater im Teufelhof ist zum 28. Saisonstart ein fulminanter Auftakt gegl\u00fcckt: Das poetische und politische Kabarettistenduo sch\u00f6n&amp;gut h\u00e4lt der immer \u00abrechter\u00bb werdenden Schweiz erbarmungslos augenzwinkernd den Spiegel vor und hinterfragt deren Werte und vermeintlichen Paradiesstatus. Mit brillantem Wortwitz, k\u00f6stlicher Imitationskunst von Dialekten und Akzenten, herrlicher Mimik und unterhaltsamen Gesangseinlagen wird das Publikum durch das knapp zweist\u00fcndige und dennoch kurzweilige Programm gef\u00fchrt. sch\u00f6n&amp;gut zeigen fantasievolles, geistreiches und dennoch bissiges Kabarett.\u00bb (Basler Zeitung, 17. September 2016)<\/em><\/p>\n<p><em>\u00abAuch mit seinem f\u00fcnften Streich \u00abMary\u00bb h\u00e4lt das Duo das hohe Niveau: Die Comedy-Rating-Sieger 2013 Anna-Katharina Rickert und Ralf Schlatter verbinden literarisches Sprechtheater mit auserlesener Komik. So lustvoll und hintersinnig demontiert kein anderes Kabarett die Verlogenheit der Politik.\u00bb \u00a0(Christian Hubschmid, Sonntagszeitung, 27. August 2017)<br \/>\n<\/em><\/p>\n<p><em>\u00abKunst wird immer von starken Str\u00f6mungen beherrscht \u2013 und immer schwimmen Einzelne gegen den Strom. sch\u00f6n&amp;gut tun das mit langem Atem. Comedy ist heute in der freien Szene marktbeherrschend, aber sch\u00f6n&amp;gut behaupten literarisches Sprechtheater wider jeden Zeitgeist. Mit Leichtigkeit l\u00f6sen sie festgeschriebene Gegens\u00e4tze in Luft auf: Sie machen politisches und sinnliches Kabarett. Ihre Texte sind literarisch verschl\u00fcsselt und das Publikum am\u00fcsiert sich k\u00f6stlich. Sie kritisieren mit scharfer Klinge und zelebrieren genussvolle Raffinesse. Sie sind intellektuell anspruchsvoll und abgr\u00fcndig witzig. Sie sind Sprachvirtuosen und f\u00fcr alle leicht verst\u00e4ndlich. sch\u00f6n&amp;gut machen einfach ihr eigenes Ding.\u00bb<\/em><br \/>\n<em>(Laudatio von Gardi Hutter, Jury-Mitglied Schweizer Kleinkunstpreis 2017)<\/em><\/p>\n<p><em><span class=\"Stil1\">\u00abDie Wortzauberer: Anna-Katharina Rickert und Ralf Schlatter beherrschen die hohe Kunst des feinen Humors. Als Kabarett-Duo sch\u00f6n&amp;gut zaubern sie aus abstrakten Sprachspielen handfeste Witze. Ihr Programm ist musikalisch und schauspielerisch top.\u00bb (Sonntagszeitung, 13. Juni 2010)<\/span><\/em><\/p>\n<p><em>\u00abDie Gesellschaft Oltner Kabarett-Tage ehrt das Duo sch\u00f6n&amp;gut mit dem Schweizer Kabarett-Preis Cornichon 2014. Seit \u00fcber zehn Jahren \u00fcberzeugen Anna-Katharina Rickert und Ralf Schlatter mit hochkar\u00e4tigem, politisch-gesellschaftlichem Kabarett. Ihre grosse Kunst sind die Verschachtelung von Geschichten, fliegende Rollenwechsel und ihre mit gr\u00f6sster Sorgfalt gepflegte Sprache, die in rasanten Wortspielen immer wieder literarische Sph\u00e4ren erreicht. Kunstvolle Gratwanderung Die beiden Kabarettisten gl\u00e4nzen mit W\u00e4rme und Echtheit ihrer Figuren, musikalischer Finesse und feinem Gesp\u00fcr f\u00fcr latent schwelende Fragen unserer Zeit.\u00a0Damit kultivieren sch\u00f6n&amp;gut Humor f\u00fcr Fortgeschrittene, ohne dabei an Volksn\u00e4he einzub\u00fcssen. F\u00fcr diese kunstvolle Gratwanderung und ihre poetisch-musikalischen Analysen menschlicher Befindlichkeiten werden sch\u00f6n&amp;gut mit dem Cornichon 2014 ausgezeichnet.\u00bb<\/em><\/p>\n<p><em><span class=\"Stil1\">\u00abEs sind nicht nur die geschickte Verschachtelung der Geschichte, die gen\u00fcsslich und aus dem Vollen gesch\u00f6pften Charaktere, die dieses Theater so wunderbar machen. sch\u00f6n&amp;gut liefern sich in ihrer umfassenden Wortlust und Sprachverliebtheit fast literarische Duelle.\u00bb (Neue Zuger Zeitung)<\/span><\/em><\/p>\n<\/div><div class=\"fusion-text fusion-text-7\" style=\"--awb-margin-top:50px;\"><h1 class=\"fusion-responsive-typography-calculated\" style=\"--fontsize: 37; line-height: 1.19;\" data-fontsize=\"37\" data-lineheight=\"44px\"><span style=\"color: #000099;\">Bisherige Programme<\/span><\/h1>\n<hr>\n<p>2021 &#8211; 2024 <b>\u00abAller Tage Abend\u00bb<br \/><\/b>2016 &#8211; 2020 <strong>\u00abMary\u00bb<\/strong><br \/>\n2013 &#8211; 2016 <strong>\u00abSch\u00f6nmatt\u00bb<\/strong><br \/>\n2009 &#8211; 2012 <strong>\u00abDer Fisch, die Kuh und das Meer\u00bb<\/strong><br \/>\n2006 &#8211; 2009 <strong>\u00abDas Kamel im Kreisel\u00bb<\/strong><br \/>\n2004 &#8211; 2006 <strong>\u00abEine Liebesgeschichte\u00bb<\/strong><\/p>\n<p><strong><br \/><\/strong><\/p>\n<h1 class=\"fusion-responsive-typography-calculated\" style=\"--fontsize: 37; line-height: 1.19;\" data-fontsize=\"37\" data-lineheight=\"44px\"><span style=\"color: #000099;\">Auszeichnungen<\/span><\/h1>\n<hr>\n<p>2017 <strong>Schweizer Kleinkunstpreis<\/strong><br \/>\n2014 <strong>Schweizer Kabarett-Preis Cornichon<\/strong><br \/>\n2004 <strong>Salzburger Stier <\/strong><\/p>\n<p><strong><br \/><\/strong><\/p>\n<h4 class=\"fusion-responsive-typography-calculated\" style=\"--fontsize: 20; line-height: 1.5; --minfontsize: 20;\" data-fontsize=\"20\" data-lineheight=\"30px\"><\/h4>\n<h1 class=\"fusion-responsive-typography-calculated\" style=\"--fontsize: 37; line-height: 1.19;\" data-fontsize=\"37\" data-lineheight=\"44px\"><span style=\"color: #000099;\">Biografien<br \/>\n<\/span><\/h1>\n<hr>\n<p><b>\u00absch\u00f6n&amp;gut\u00bb sind Anna-Katharina Rickert und Ralf Schlatter<\/b>. Seit 2003 stehen sch\u00f6n&amp;gut mit poetischem und politischem Kabarett auf den Kleinkunstb\u00fchnen der Deutschschweiz und wurden mit den 3 wichtigsten Schweizer Kabarett-Preisen ausgezeichnet.<\/p>\n<p><strong>Anna-Katharina Rickert<\/strong><\/p>\n<p>\nGeboren 1973 in Z\u00fcrich, aufgewachsen in Birmensdorf (ZH), lebt als freie Schauspielerin und Kabarettistin in Z\u00fcrich.<br \/><span style=\"font-family: var(--awb-text-font-family); font-size: var(--awb-font-size); font-style: var(--awb-text-font-style); letter-spacing: var(--awb-letter-spacing); text-align: var(--awb-content-alignment); text-transform: var(--awb-text-transform);\">Ausbildung<br \/><\/span><br \/>\n&#8211; Nach der Matura (Typus D) dreij\u00e4hrige Ausbildung an der &#8216;comart&#8217;, Schule f\u00fcr Theater, Mime und Tanz in Z\u00fcrich.<br \/>\n&#8211; Weiterbildung in Mimenkunst bei Roy Bosier, Schauspielhaus Z\u00fcrich.<br \/>\n&#8211; Weiterbildung in der Strasberg-Methode bei Herbert Fischer in Berlin.<\/p>\n<\/p>\n<p><strong>Ralf Schlatter<\/strong><br \/>\nGeboren 1971 in Schaffhausen. Studium von Geschichte und Germanistik in Z\u00fcrich und Spanien. Lebt als freier Autor und Kabarettist in Z\u00fcrich.<br \/>\nRomane &amp; mehr<br \/>\n&#8211; Verzettelt, Geschichten, Chr. Merian Verlag, 2008<br \/>\n&#8211; Malia\u00f1o stelle ich mir auf einem H\u00fcgel vor, Erz\u00e4hlung, Verlag Kein&amp;Aber, 2003.<br \/>\n&#8211; Federseel, Roman, Verlag Kein&amp;Aber, Z\u00fcrich, 2002.<br \/>\n&#8211; Diverse H\u00f6rspiele<br \/>\n<a href=\"http:\/\/www.ralfschlatter.ch\/\" target=\"_blank\" rel=\"noopener noreferrer\">www.ralfschlatter.ch<\/a><\/p>\n<p><span style=\"color: #ffffff;\">.<\/span><\/p>\n<\/div><div class=\"fusion-clearfix\"><\/div><\/div><\/div><div class=\"fusion-layout-column fusion_builder_column fusion-builder-column-1 fusion_builder_column_1_5 1_5 fusion-one-fifth fusion-column-last\" style=\"--awb-bg-blend:overlay;--awb-bg-size:cover;width:20%;width:calc(20% - ( ( 4% ) * 0.2 ) );\"><div class=\"fusion-column-wrapper fusion-column-has-shadow fusion-flex-column-wrapper-legacy\"><a class=\"awb-lightbox awb-lightbox-1\" data-title=\"sch\u00f6n&amp;gut\" title=\"sch\u00f6n&amp;gut\" href=\"https:\/\/kulturbau.ch\/ws19\/wp-content\/uploads\/2025\/07\/RZ_SCHO_25012_Plakat_low_250701_c-512x1024.jpg\" data-caption=\"sch\u00f6n&amp;gut\" data-rel=\"iLightbox\"><img class=\"lazyload\" decoding=\"async\" src=\"data:image\/gif;base64,R0lGODlhAQABAAAAACH5BAEKAAEALAAAAAABAAEAAAICTAEAOw==\" data-orig-src=\"https:\/\/kulturbau.ch\/ws19\/wp-content\/uploads\/2025\/07\/RZ_SCHO_25012_Plakat_low_250701_c-512x1024.jpg\" alt=\"sch\u00f6n&amp;gut\"><\/a><div class=\"fusion-text fusion-text-8\"><p><span style=\"color: #ffffff;\">.<\/span><\/p>\n<\/div><div class=\"elegant-fancy-button-wrapper elegant-align-center\"><style type=\"text\/css\">.elegant-fancy-button-wrap.elegant-fancy-button-1 .elegant-fancy-button-link { color:#ff9800 !important;--color:#ff9800 !important; border-color:#ff9800;--border-color:#000099}.elegant-fancy-button-wrap.elegant-fancy-button-1 .elegant-fancy-button-link:hover { color:#ff9800 !important;}.elegant-fancy-button-wrap.elegant-fancy-button-1 .elegant-fancy-button-link.elegant-button-collision:before, .elegant-fancy-button-wrap.elegant-fancy-button-1 .elegant-fancy-button-link.elegant-button-collision:after{ background-color:#000099;}<\/style><div class=\"elegant-fancy-button-wrap elegant-fancy-button-1\"><a class=\"elegant-fancy-button-link elegant-button-collision elegant-button-square button-medium elegant-fancy-button-icon-left\" style=\"font-family: &#039;Open Sans&#039; ;font-weight: 600;font-size:18px;line-height: 1em;\" href=\"https:\/\/www.schoenundgut.ch\" target=\"_blank\"><i class=\"fa-house-user fas\"><\/i>Homepage sch\u00f6n&amp;gut<\/a><\/div><\/div><div class=\"fusion-text fusion-text-9\"><p><span style=\"color: #ffffff;\">.<\/span><\/p>\n<\/div><div class=\"elegant-cards \" style=\"border-radius:  ;\"><div class=\"elegant-cards-description-wrapper elegant-align-left\" style=\"background-color:rgba(0,0,153,0.1);border-color:#dddddd;border-top-style: solid;border-top-width: 1px;\"><h2 class=\"elegant-cards-title\" style=\"font-family: &#039;Open Sans&#039; ;font-weight: 600;font-size:20px;\">KONTAKT &amp; VERMITTLUNG<\/h2><p class=\"elegant-cards-description\" style=\"font-family: &#039;Open Sans&#039; ;font-weight: 300;font-size:12px;color:#000000;\">Pascal Mettler<br \/>\nKulturbau GmbH<br \/>\nRebbergstrasse 23<br \/>\nCH-8356 Ettenhausen TG<br \/>\n---<br \/>\n+ 41 79 242 27 30<br \/>\n<\/p><div class=\"fusion-button-wrapper\"><a class=\"fusion-button button-flat button-small button-custom fusion-button-default button-1 fusion-button-default-span fusion-button-default-type\" style=\"--button_accent_color:#000099;--button_accent_hover_color:#ff9800;--button_border_hover_color:#ffffff;--button_gradient_top_color:#ff9800;--button_gradient_bottom_color:#ff9800;--button_gradient_top_color_hover:#000099;--button_gradient_bottom_color_hover:#000099;\" target=\"_self\" href=\"mailto:info@kulturbau.ch\"><i class=\"fa-at fas awb-button__icon awb-button__icon--default button-icon-left\" aria-hidden=\"true\"><\/i><span class=\"fusion-button-text awb-button__text awb-button__text--default\">Mail<\/span><\/a><\/div><\/div><\/div><div class=\"fusion-text fusion-text-10\"><p><span style=\"color: #ffffff;\">.<\/span><\/p>\n<\/div><div class=\"elegant-fancy-button-wrapper elegant-align-center\"><style type=\"text\/css\">.elegant-fancy-button-wrap.elegant-fancy-button-2 .elegant-fancy-button-link { color:#ff9800 !important;--color:#0000ff !important; border-color:#ff9800;--border-color:#ff9800}.elegant-fancy-button-wrap.elegant-fancy-button-2 .elegant-fancy-button-link:hover { color:#0000ff !important;}.elegant-fancy-button-wrap.elegant-fancy-button-2 .elegant-fancy-button-link.elegant-button-collision:before, .elegant-fancy-button-wrap.elegant-fancy-button-2 .elegant-fancy-button-link.elegant-button-collision:after{ background-color:#ff9800;}<\/style><div class=\"elegant-fancy-button-wrap elegant-fancy-button-2\"><a class=\"elegant-fancy-button-link elegant-button-collision elegant-button-square button-medium elegant-fancy-button-icon-left\" style=\"font-family: &#039;Open Sans&#039; ;font-weight: 400;font-size:18px;line-height: 1em;\" href=\"https:\/\/www.schoenundgut.ch\/spielplan\" target=\"_blank\"><i class=\"fa-theater-masks fas\"><\/i>&gt;Spieldaten<\/a><\/div><\/div><div class=\"mec-wrap mec-skin-custom-container \" id=\"mec_skin_4158\">\r\n\r\n    \r\n            <div class=\"mec-skin-custom-events-container\" id=\"mec_skin_events_4158\">\r\n        <div class=\"mec-wrap colorskin-custom\">\r\n    <div class=\"mec-event-custom-3987\">\r\n        <div class=\"row\"><div class=\"col-md-12 col-sm-12\"><article class=\"mec-event-article mec-sd-event-article8534 mec-clear\" itemscope><style>.elementor-3987 .elementor-element.elementor-element-131f5b1 .elementor-column-gap-custom .elementor-column > .elementor-element-populated{padding:0px;}.elementor-3987 .elementor-element.elementor-element-131f5b1:hover > .elementor-background-overlay{filter:brightness( 100% ) contrast( 100% ) saturate( 100% ) blur( 0px ) hue-rotate( 0deg );}.elementor-3987 .elementor-element.elementor-element-131f5b1{border-style:solid;border-width:1px 0px 0px 0px;border-color:#FC9100;}.elementor-3987 .elementor-element.elementor-element-131f5b1, .elementor-3987 .elementor-element.elementor-element-131f5b1 > .elementor-background-overlay{border-radius:0px 0px 0px 0px;}.elementor-3987 .elementor-element.elementor-element-ac938a7 > .elementor-element-populated{border-style:solid;border-width:0px 0px 0px 0px;border-color:var( --e-global-color-73b87fd );}.elementor-3987 .elementor-element.elementor-element-ac938a7 > .elementor-element-populated, .elementor-3987 .elementor-element.elementor-element-ac938a7 > .elementor-element-populated > .elementor-background-overlay, .elementor-3987 .elementor-element.elementor-element-ac938a7 > .elementor-background-slideshow{border-radius:0px 0px 0px 0px;}.elementor-3987 .elementor-element.elementor-element-0843792 .mec-event-date{font-size:11px;font-weight:bold;font-style:normal;text-decoration:none;text-align:left;display:block;color:var( --e-global-color-b53723d );background:rgba(255,255,255,0);margin:0px 0px -20px 0px;padding:0px 0px 0px 0px;border-radius:0px 0px 0px 0px;}.elementor-3987 .elementor-element.elementor-element-0843792 .mec-event-date:hover{color:var( --e-global-color-73b87fd );background:rgba(255,255,255,0);}.elementor-3987 .elementor-element.elementor-element-0843792 > .elementor-widget-container{margin:3px 0px 0px 0px;}.elementor-3987 .elementor-element.elementor-element-f99c595 .mec-location-name{font-size:11px;font-weight:bold;line-height:16px;text-align:left;display:block;color:#000;background:rgba(255,255,255,0);margin:0px 0px 0px 0px;padding:0px 0px 0px 0px;}.elementor-3987 .elementor-element.elementor-element-f99c595 .mec-location-name:hover{color:#020202;background:rgba(255,255,255,0);}.elementor-3987 .elementor-element.elementor-element-f99c595 > .elementor-widget-container{margin:0px 0px 0px 0px;padding:0px 0px 0px 0px;}.elementor-3987 .elementor-element.elementor-element-0f9f51d .mec-event-excerpt, .elementor-3987 .elementor-element.elementor-element-0f9f51d .mec-event-excerpt *{font-size:11px;line-height:12px;letter-spacing:0px;text-align:left;display:block;color:#000;background:rgba(255,255,255,0);margin:0px 0px -44px 0px;}.elementor-3987 .elementor-element.elementor-element-0f9f51d .mec-event-excerpt:hover , .elementor-3987 .elementor-element.elementor-element-0f9f51d .mec-event-excerpt:hover *{color:#000;}.elementor-3987 .elementor-element.elementor-element-0f9f51d .mec-event-excerpt:hover, .elementor-3987 .elementor-element.elementor-element-0f9f51d .mec-event-excerpt:hover *{background:rgba(255,255,255,0);}.elementor-3987 .elementor-element.elementor-element-0f9f51d > .elementor-widget-container{margin:2px 0px 0px 0px;}.elementor-3987 .elementor-element.elementor-element-5bfb889 .mec-booking-button, .elementor-3987 .elementor-element.elementor-element-5bfb889  .mec-mb-button{font-size:11px;line-height:0.1em;letter-spacing:0px;display:inline-block;margin:-12px 0px -13px 0px;padding:0px 0px 0px 0px;}.elementor-3987 .elementor-element.elementor-element-5bfb889 .mec-event-readmore{text-align:left;}.elementor-3987 .elementor-element.elementor-element-5bfb889 .mec-booking-button{color:#FC9100;background:#FDFDFD00;}.elementor-3987 .elementor-element.elementor-element-5bfb889 .mec-booking-button:hover{color:#000099;background:#FBFBFF00;}.elementor-3987 .elementor-element.elementor-element-5bfb889  .mec-mb-button:hover{background:#FFFFFF;}.elementor-3987 .elementor-element.elementor-element-5bfb889 > .elementor-widget-container{margin:-12px 0px -19px 0px;padding:0px 0px 10px 0px;border-radius:0px 0px 0px 0px;}<\/style>\t\t<div data-elementor-type=\"wp-post\" data-elementor-id=\"3987\" class=\"elementor elementor-3987\">\n\t\t\t\t\t\t<section class=\"elementor-section elementor-top-section elementor-element elementor-element-131f5b1 elementor-section-full_width elementor-section-height-default elementor-section-height-default\" data-id=\"131f5b1\" data-element_type=\"section\" data-e-type=\"section\">\n\t\t\t\t\t\t<div class=\"elementor-container elementor-column-gap-custom\">\n\t\t\t\t\t<div class=\"elementor-column elementor-col-100 elementor-top-column elementor-element elementor-element-ac938a7\" data-id=\"ac938a7\" data-element_type=\"column\" data-e-type=\"column\">\n\t\t\t<div class=\"elementor-widget-wrap elementor-element-populated\">\n\t\t\t\t\t\t<div class=\"elementor-element elementor-element-0843792 elementor-widget elementor-widget-mec-date\" data-id=\"0843792\" data-element_type=\"widget\" data-e-type=\"widget\" data-widget_type=\"mec-date.default\">\n\t\t\t\t<div class=\"elementor-widget-container\">\n\t\t\t\t\t\t\t<div class=\"mec-shortcode-designer\">\r\n\t\t\t<div class=\"mec-event-date\">\r\n\t\t\t\t<span class=\"mec-start-date-label\">02 Mai 2026<\/span>\t\t\t<\/div>\r\n\t\t<\/div>\r\n\t\t\t\t\t\t<\/div>\n\t\t\t\t<\/div>\n\t\t\t\t<div class=\"elementor-element elementor-element-f99c595 elementor-widget elementor-widget-mec-location-name\" data-id=\"f99c595\" data-element_type=\"widget\" data-e-type=\"widget\" data-widget_type=\"mec-location-name.default\">\n\t\t\t\t<div class=\"elementor-widget-container\">\n\t\t\t\t\t\t\t\t\t<div class=\"mec-shortcode-designer\">\r\n\t\t\t\t\t<div class=\"mec-location-name\">Oltner Kabaretttage<\/div>\r\n\t\t\t\t<\/div>\r\n\t\t\t\t\t\t\t\t<\/div>\n\t\t\t\t<\/div>\n\t\t\t\t<div class=\"elementor-element elementor-element-0f9f51d elementor-widget elementor-widget-mec-excerpt\" data-id=\"0f9f51d\" data-element_type=\"widget\" data-e-type=\"widget\" data-widget_type=\"mec-excerpt.default\">\n\t\t\t\t<div class=\"elementor-widget-container\">\n\t\t\t\t\t\t\t<div class=\"mec-shortcode-designer\">\r\n\t\t\t<div class=\"mec-event-excerpt\">\r\n\t\t\t\t<p>\u00abUnter freiem Himmel\u00bb<\/p>\n\t\t\t<\/div>\r\n\t\t<\/div>\r\n\t\t\t\t\t\t<\/div>\n\t\t\t\t<\/div>\n\t\t\t\t<div class=\"elementor-element elementor-element-5bfb889 elementor-widget elementor-widget-mec-read-more\" data-id=\"5bfb889\" data-element_type=\"widget\" data-e-type=\"widget\" data-settings=\"{&quot;_animation&quot;:&quot;none&quot;}\" data-widget_type=\"mec-read-more.default\">\n\t\t\t\t<div class=\"elementor-widget-container\">\n\t\t\t\t\t\t\t<div class=\"mec-shortcode-designer\">\r\n\t\t\t<div class=\"mec-event-readmore\">\r\n\t\t\t\t<a class=\"mec-booking-button\" data-event-id=\"8534\" href=\"https:\/\/www.kabarett.ch?occurrence=2026-05-02\" target=\"_blank\">\r\n\t\t\t\t\t>mehr\t\t\t\t<\/a>\r\n\t\t\t\t\t\t\t<\/div>\r\n\t\t<\/div>\r\n\t\t\t\t\t\t<\/div>\n\t\t\t\t<\/div>\n\t\t\t\t\t<\/div>\n\t\t<\/div>\n\t\t\t\t\t<\/div>\n\t\t<\/section>\n\t\t\t\t<section class=\"elementor-section elementor-top-section elementor-element elementor-element-c2aef95 elementor-section-boxed elementor-section-height-default elementor-section-height-default\" data-id=\"c2aef95\" data-element_type=\"section\" data-e-type=\"section\">\n\t\t\t\t\t\t<div class=\"elementor-container elementor-column-gap-default\">\n\t\t\t\t\t<div class=\"elementor-column elementor-col-100 elementor-top-column elementor-element elementor-element-d2604ff\" data-id=\"d2604ff\" data-element_type=\"column\" data-e-type=\"column\">\n\t\t\t<div class=\"elementor-widget-wrap\">\n\t\t\t\t\t\t\t<\/div>\n\t\t<\/div>\n\t\t\t\t\t<\/div>\n\t\t<\/section>\n\t\t\t\t<\/div>\n\t\t<\/article><\/div><\/div><div class=\"row\"><div class=\"col-md-12 col-sm-12\"><article class=\"mec-event-article mec-sd-event-article8537 mec-clear\" itemscope>\t\t<div data-elementor-type=\"wp-post\" data-elementor-id=\"3987\" class=\"elementor elementor-3987\">\n\t\t\t\t\t\t<section class=\"elementor-section elementor-top-section elementor-element elementor-element-131f5b1 elementor-section-full_width elementor-section-height-default elementor-section-height-default\" data-id=\"131f5b1\" data-element_type=\"section\" data-e-type=\"section\">\n\t\t\t\t\t\t<div class=\"elementor-container elementor-column-gap-custom\">\n\t\t\t\t\t<div class=\"elementor-column elementor-col-100 elementor-top-column elementor-element elementor-element-ac938a7\" data-id=\"ac938a7\" data-element_type=\"column\" data-e-type=\"column\">\n\t\t\t<div class=\"elementor-widget-wrap elementor-element-populated\">\n\t\t\t\t\t\t<div class=\"elementor-element elementor-element-0843792 elementor-widget elementor-widget-mec-date\" data-id=\"0843792\" data-element_type=\"widget\" data-e-type=\"widget\" data-widget_type=\"mec-date.default\">\n\t\t\t\t<div class=\"elementor-widget-container\">\n\t\t\t\t\t\t\t<div class=\"mec-shortcode-designer\">\r\n\t\t\t<div class=\"mec-event-date\">\r\n\t\t\t\t<span class=\"mec-start-date-label\">08 Mai 2026<\/span>\t\t\t<\/div>\r\n\t\t<\/div>\r\n\t\t\t\t\t\t<\/div>\n\t\t\t\t<\/div>\n\t\t\t\t<div class=\"elementor-element elementor-element-f99c595 elementor-widget elementor-widget-mec-location-name\" data-id=\"f99c595\" data-element_type=\"widget\" data-e-type=\"widget\" data-widget_type=\"mec-location-name.default\">\n\t\t\t\t<div class=\"elementor-widget-container\">\n\t\t\t\t\t\t\t\t\t<div class=\"mec-shortcode-designer\">\r\n\t\t\t\t\t<div class=\"mec-location-name\">Casinotheater WINTERTHUR<\/div>\r\n\t\t\t\t<\/div>\r\n\t\t\t\t\t\t\t\t<\/div>\n\t\t\t\t<\/div>\n\t\t\t\t<div class=\"elementor-element elementor-element-0f9f51d elementor-widget elementor-widget-mec-excerpt\" data-id=\"0f9f51d\" data-element_type=\"widget\" data-e-type=\"widget\" data-widget_type=\"mec-excerpt.default\">\n\t\t\t\t<div class=\"elementor-widget-container\">\n\t\t\t\t\t\t\t<div class=\"mec-shortcode-designer\">\r\n\t\t\t<div class=\"mec-event-excerpt\">\r\n\t\t\t\t<p>\u00abUnter freiem Himmel\u00bb<\/p>\n\t\t\t<\/div>\r\n\t\t<\/div>\r\n\t\t\t\t\t\t<\/div>\n\t\t\t\t<\/div>\n\t\t\t\t<div class=\"elementor-element elementor-element-5bfb889 elementor-widget elementor-widget-mec-read-more\" data-id=\"5bfb889\" data-element_type=\"widget\" data-e-type=\"widget\" data-settings=\"{&quot;_animation&quot;:&quot;none&quot;}\" data-widget_type=\"mec-read-more.default\">\n\t\t\t\t<div class=\"elementor-widget-container\">\n\t\t\t\t\t\t\t<div class=\"mec-shortcode-designer\">\r\n\t\t\t<div class=\"mec-event-readmore\">\r\n\t\t\t\t<a class=\"mec-booking-button\" data-event-id=\"8537\" href=\"https:\/\/www.casinotheater.ch\/spielplan\/produktion\/schoengut\/?utm_source=CTW-NL-VVK&utm_medium=Text-Link&utm_campaign=4&occurrence=2026-05-08\" target=\"_blank\">\r\n\t\t\t\t\t>mehr\t\t\t\t<\/a>\r\n\t\t\t\t\t\t\t<\/div>\r\n\t\t<\/div>\r\n\t\t\t\t\t\t<\/div>\n\t\t\t\t<\/div>\n\t\t\t\t\t<\/div>\n\t\t<\/div>\n\t\t\t\t\t<\/div>\n\t\t<\/section>\n\t\t\t\t<section class=\"elementor-section elementor-top-section elementor-element elementor-element-c2aef95 elementor-section-boxed elementor-section-height-default elementor-section-height-default\" data-id=\"c2aef95\" data-element_type=\"section\" data-e-type=\"section\">\n\t\t\t\t\t\t<div class=\"elementor-container elementor-column-gap-default\">\n\t\t\t\t\t<div class=\"elementor-column elementor-col-100 elementor-top-column elementor-element elementor-element-d2604ff\" data-id=\"d2604ff\" data-element_type=\"column\" data-e-type=\"column\">\n\t\t\t<div class=\"elementor-widget-wrap\">\n\t\t\t\t\t\t\t<\/div>\n\t\t<\/div>\n\t\t\t\t\t<\/div>\n\t\t<\/section>\n\t\t\t\t<\/div>\n\t\t<\/article><\/div><\/div><div class=\"row\"><div class=\"col-md-12 col-sm-12\"><article class=\"mec-event-article mec-sd-event-article8539 mec-clear\" itemscope>\t\t<div data-elementor-type=\"wp-post\" data-elementor-id=\"3987\" class=\"elementor elementor-3987\">\n\t\t\t\t\t\t<section class=\"elementor-section elementor-top-section elementor-element elementor-element-131f5b1 elementor-section-full_width elementor-section-height-default elementor-section-height-default\" data-id=\"131f5b1\" data-element_type=\"section\" data-e-type=\"section\">\n\t\t\t\t\t\t<div class=\"elementor-container elementor-column-gap-custom\">\n\t\t\t\t\t<div class=\"elementor-column elementor-col-100 elementor-top-column elementor-element elementor-element-ac938a7\" data-id=\"ac938a7\" data-element_type=\"column\" data-e-type=\"column\">\n\t\t\t<div class=\"elementor-widget-wrap elementor-element-populated\">\n\t\t\t\t\t\t<div class=\"elementor-element elementor-element-0843792 elementor-widget elementor-widget-mec-date\" data-id=\"0843792\" data-element_type=\"widget\" data-e-type=\"widget\" data-widget_type=\"mec-date.default\">\n\t\t\t\t<div class=\"elementor-widget-container\">\n\t\t\t\t\t\t\t<div class=\"mec-shortcode-designer\">\r\n\t\t\t<div class=\"mec-event-date\">\r\n\t\t\t\t<span class=\"mec-start-date-label\">30 Mai 2026<\/span>\t\t\t<\/div>\r\n\t\t<\/div>\r\n\t\t\t\t\t\t<\/div>\n\t\t\t\t<\/div>\n\t\t\t\t<div class=\"elementor-element elementor-element-f99c595 elementor-widget elementor-widget-mec-location-name\" data-id=\"f99c595\" data-element_type=\"widget\" data-e-type=\"widget\" data-widget_type=\"mec-location-name.default\">\n\t\t\t\t<div class=\"elementor-widget-container\">\n\t\t\t\t\t\t\t\t\t<div class=\"mec-shortcode-designer\">\r\n\t\t\t\t\t<div class=\"mec-location-name\">Bistro, ROMANSHORN<\/div>\r\n\t\t\t\t<\/div>\r\n\t\t\t\t\t\t\t\t<\/div>\n\t\t\t\t<\/div>\n\t\t\t\t<div class=\"elementor-element elementor-element-0f9f51d elementor-widget elementor-widget-mec-excerpt\" data-id=\"0f9f51d\" data-element_type=\"widget\" data-e-type=\"widget\" data-widget_type=\"mec-excerpt.default\">\n\t\t\t\t<div class=\"elementor-widget-container\">\n\t\t\t\t\t\t\t<div class=\"mec-shortcode-designer\">\r\n\t\t\t<div class=\"mec-event-excerpt\">\r\n\t\t\t\t<p>\u00abUnter freiem Himmel\u00bb<\/p>\n\t\t\t<\/div>\r\n\t\t<\/div>\r\n\t\t\t\t\t\t<\/div>\n\t\t\t\t<\/div>\n\t\t\t\t<div class=\"elementor-element elementor-element-5bfb889 elementor-widget elementor-widget-mec-read-more\" data-id=\"5bfb889\" data-element_type=\"widget\" data-e-type=\"widget\" data-settings=\"{&quot;_animation&quot;:&quot;none&quot;}\" data-widget_type=\"mec-read-more.default\">\n\t\t\t\t<div class=\"elementor-widget-container\">\n\t\t\t\t\t\t\t<div class=\"mec-shortcode-designer\">\r\n\t\t\t<div class=\"mec-event-readmore\">\r\n\t\t\t\t<a class=\"mec-booking-button\" data-event-id=\"8539\" href=\"https:\/\/bistro-komitee.ch\/schoen-und-gut-2026\/?occurrence=2026-05-30\" target=\"_blank\">\r\n\t\t\t\t\t>mehr\t\t\t\t<\/a>\r\n\t\t\t\t\t\t\t<\/div>\r\n\t\t<\/div>\r\n\t\t\t\t\t\t<\/div>\n\t\t\t\t<\/div>\n\t\t\t\t\t<\/div>\n\t\t<\/div>\n\t\t\t\t\t<\/div>\n\t\t<\/section>\n\t\t\t\t<section class=\"elementor-section elementor-top-section elementor-element elementor-element-c2aef95 elementor-section-boxed elementor-section-height-default elementor-section-height-default\" data-id=\"c2aef95\" data-element_type=\"section\" data-e-type=\"section\">\n\t\t\t\t\t\t<div class=\"elementor-container elementor-column-gap-default\">\n\t\t\t\t\t<div class=\"elementor-column elementor-col-100 elementor-top-column elementor-element elementor-element-d2604ff\" data-id=\"d2604ff\" data-element_type=\"column\" data-e-type=\"column\">\n\t\t\t<div class=\"elementor-widget-wrap\">\n\t\t\t\t\t\t\t<\/div>\n\t\t<\/div>\n\t\t\t\t\t<\/div>\n\t\t<\/section>\n\t\t\t\t<\/div>\n\t\t<\/article><\/div><\/div><div class=\"row\"><div class=\"col-md-12 col-sm-12\"><article class=\"mec-event-article mec-sd-event-article8541 mec-clear\" itemscope>\t\t<div data-elementor-type=\"wp-post\" data-elementor-id=\"3987\" class=\"elementor elementor-3987\">\n\t\t\t\t\t\t<section class=\"elementor-section elementor-top-section elementor-element elementor-element-131f5b1 elementor-section-full_width elementor-section-height-default elementor-section-height-default\" data-id=\"131f5b1\" data-element_type=\"section\" data-e-type=\"section\">\n\t\t\t\t\t\t<div class=\"elementor-container elementor-column-gap-custom\">\n\t\t\t\t\t<div class=\"elementor-column elementor-col-100 elementor-top-column elementor-element elementor-element-ac938a7\" data-id=\"ac938a7\" data-element_type=\"column\" data-e-type=\"column\">\n\t\t\t<div class=\"elementor-widget-wrap elementor-element-populated\">\n\t\t\t\t\t\t<div class=\"elementor-element elementor-element-0843792 elementor-widget elementor-widget-mec-date\" data-id=\"0843792\" data-element_type=\"widget\" data-e-type=\"widget\" data-widget_type=\"mec-date.default\">\n\t\t\t\t<div class=\"elementor-widget-container\">\n\t\t\t\t\t\t\t<div class=\"mec-shortcode-designer\">\r\n\t\t\t<div class=\"mec-event-date\">\r\n\t\t\t\t<span class=\"mec-start-date-label\">05 Juni 2026<\/span>\t\t\t<\/div>\r\n\t\t<\/div>\r\n\t\t\t\t\t\t<\/div>\n\t\t\t\t<\/div>\n\t\t\t\t<div class=\"elementor-element elementor-element-f99c595 elementor-widget elementor-widget-mec-location-name\" data-id=\"f99c595\" data-element_type=\"widget\" data-e-type=\"widget\" data-widget_type=\"mec-location-name.default\">\n\t\t\t\t<div class=\"elementor-widget-container\">\n\t\t\t\t\t\t\t\t\t<div class=\"mec-shortcode-designer\">\r\n\t\t\t\t\t<div class=\"mec-location-name\">Bossartsch\u00fc\u00fcr WINDISCH<\/div>\r\n\t\t\t\t<\/div>\r\n\t\t\t\t\t\t\t\t<\/div>\n\t\t\t\t<\/div>\n\t\t\t\t<div class=\"elementor-element elementor-element-0f9f51d elementor-widget elementor-widget-mec-excerpt\" data-id=\"0f9f51d\" data-element_type=\"widget\" data-e-type=\"widget\" data-widget_type=\"mec-excerpt.default\">\n\t\t\t\t<div class=\"elementor-widget-container\">\n\t\t\t\t\t\t\t<div class=\"mec-shortcode-designer\">\r\n\t\t\t<div class=\"mec-event-excerpt\">\r\n\t\t\t\t<p>\u00abUnter freiem Himmel\u00bb<\/p>\n\t\t\t<\/div>\r\n\t\t<\/div>\r\n\t\t\t\t\t\t<\/div>\n\t\t\t\t<\/div>\n\t\t\t\t<div class=\"elementor-element elementor-element-5bfb889 elementor-widget elementor-widget-mec-read-more\" data-id=\"5bfb889\" data-element_type=\"widget\" data-e-type=\"widget\" data-settings=\"{&quot;_animation&quot;:&quot;none&quot;}\" data-widget_type=\"mec-read-more.default\">\n\t\t\t\t<div class=\"elementor-widget-container\">\n\t\t\t\t\t\t\t<div class=\"mec-shortcode-designer\">\r\n\t\t\t<div class=\"mec-event-readmore\">\r\n\t\t\t\t<a class=\"mec-booking-button\" data-event-id=\"8541\" href=\"https:\/\/kulturkreiswindisch.ch\/event\/schoen-und-gut\/?occurrence=2026-06-05\" target=\"_blank\">\r\n\t\t\t\t\t>mehr\t\t\t\t<\/a>\r\n\t\t\t\t\t\t\t<\/div>\r\n\t\t<\/div>\r\n\t\t\t\t\t\t<\/div>\n\t\t\t\t<\/div>\n\t\t\t\t\t<\/div>\n\t\t<\/div>\n\t\t\t\t\t<\/div>\n\t\t<\/section>\n\t\t\t\t<section class=\"elementor-section elementor-top-section elementor-element elementor-element-c2aef95 elementor-section-boxed elementor-section-height-default elementor-section-height-default\" data-id=\"c2aef95\" data-element_type=\"section\" data-e-type=\"section\">\n\t\t\t\t\t\t<div class=\"elementor-container elementor-column-gap-default\">\n\t\t\t\t\t<div class=\"elementor-column elementor-col-100 elementor-top-column elementor-element elementor-element-d2604ff\" data-id=\"d2604ff\" data-element_type=\"column\" data-e-type=\"column\">\n\t\t\t<div class=\"elementor-widget-wrap\">\n\t\t\t\t\t\t\t<\/div>\n\t\t<\/div>\n\t\t\t\t\t<\/div>\n\t\t<\/section>\n\t\t\t\t<\/div>\n\t\t<\/article><\/div><\/div><div class=\"row\"><div class=\"col-md-12 col-sm-12\"><article class=\"mec-event-article mec-sd-event-article8544 mec-clear\" itemscope>\t\t<div data-elementor-type=\"wp-post\" data-elementor-id=\"3987\" class=\"elementor elementor-3987\">\n\t\t\t\t\t\t<section class=\"elementor-section elementor-top-section elementor-element elementor-element-131f5b1 elementor-section-full_width elementor-section-height-default elementor-section-height-default\" data-id=\"131f5b1\" data-element_type=\"section\" data-e-type=\"section\">\n\t\t\t\t\t\t<div class=\"elementor-container elementor-column-gap-custom\">\n\t\t\t\t\t<div class=\"elementor-column elementor-col-100 elementor-top-column elementor-element elementor-element-ac938a7\" data-id=\"ac938a7\" data-element_type=\"column\" data-e-type=\"column\">\n\t\t\t<div class=\"elementor-widget-wrap elementor-element-populated\">\n\t\t\t\t\t\t<div class=\"elementor-element elementor-element-0843792 elementor-widget elementor-widget-mec-date\" data-id=\"0843792\" data-element_type=\"widget\" data-e-type=\"widget\" data-widget_type=\"mec-date.default\">\n\t\t\t\t<div class=\"elementor-widget-container\">\n\t\t\t\t\t\t\t<div class=\"mec-shortcode-designer\">\r\n\t\t\t<div class=\"mec-event-date\">\r\n\t\t\t\t<span class=\"mec-start-date-label\">06 Juni 2026<\/span>\t\t\t<\/div>\r\n\t\t<\/div>\r\n\t\t\t\t\t\t<\/div>\n\t\t\t\t<\/div>\n\t\t\t\t<div class=\"elementor-element elementor-element-f99c595 elementor-widget elementor-widget-mec-location-name\" data-id=\"f99c595\" data-element_type=\"widget\" data-e-type=\"widget\" data-widget_type=\"mec-location-name.default\">\n\t\t\t\t<div class=\"elementor-widget-container\">\n\t\t\t\t\t\t\t\t\t<div class=\"mec-shortcode-designer\">\r\n\t\t\t\t\t<div class=\"mec-location-name\">Landhaus, LIEBEFELD BE<\/div>\r\n\t\t\t\t<\/div>\r\n\t\t\t\t\t\t\t\t<\/div>\n\t\t\t\t<\/div>\n\t\t\t\t<div class=\"elementor-element elementor-element-0f9f51d elementor-widget elementor-widget-mec-excerpt\" data-id=\"0f9f51d\" data-element_type=\"widget\" data-e-type=\"widget\" data-widget_type=\"mec-excerpt.default\">\n\t\t\t\t<div class=\"elementor-widget-container\">\n\t\t\t\t\t\t\t<div class=\"mec-shortcode-designer\">\r\n\t\t\t<div class=\"mec-event-excerpt\">\r\n\t\t\t\t<p>\u00abUnter freiem Himmel\u00bb<\/p>\n\t\t\t<\/div>\r\n\t\t<\/div>\r\n\t\t\t\t\t\t<\/div>\n\t\t\t\t<\/div>\n\t\t\t\t<div class=\"elementor-element elementor-element-5bfb889 elementor-widget elementor-widget-mec-read-more\" data-id=\"5bfb889\" data-element_type=\"widget\" data-e-type=\"widget\" data-settings=\"{&quot;_animation&quot;:&quot;none&quot;}\" data-widget_type=\"mec-read-more.default\">\n\t\t\t\t<div class=\"elementor-widget-container\">\n\t\t\t\t\t\t\t<div class=\"mec-shortcode-designer\">\r\n\t\t\t<div class=\"mec-event-readmore\">\r\n\t\t\t\t<a class=\"mec-booking-button\" data-event-id=\"8544\" href=\"https:\/\/shop.e-guma.ch\/restaurant-landhaus-liebefeld\/de\/events?occurrence=2026-06-06\" target=\"_blank\">\r\n\t\t\t\t\t>mehr\t\t\t\t<\/a>\r\n\t\t\t\t\t\t\t<\/div>\r\n\t\t<\/div>\r\n\t\t\t\t\t\t<\/div>\n\t\t\t\t<\/div>\n\t\t\t\t\t<\/div>\n\t\t<\/div>\n\t\t\t\t\t<\/div>\n\t\t<\/section>\n\t\t\t\t<section class=\"elementor-section elementor-top-section elementor-element elementor-element-c2aef95 elementor-section-boxed elementor-section-height-default elementor-section-height-default\" data-id=\"c2aef95\" data-element_type=\"section\" data-e-type=\"section\">\n\t\t\t\t\t\t<div class=\"elementor-container elementor-column-gap-default\">\n\t\t\t\t\t<div class=\"elementor-column elementor-col-100 elementor-top-column elementor-element elementor-element-d2604ff\" data-id=\"d2604ff\" data-element_type=\"column\" data-e-type=\"column\">\n\t\t\t<div class=\"elementor-widget-wrap\">\n\t\t\t\t\t\t\t<\/div>\n\t\t<\/div>\n\t\t\t\t\t<\/div>\n\t\t<\/section>\n\t\t\t\t<\/div>\n\t\t<\/article><\/div><\/div>\t<\/div>\r\n<\/div>\r\n    <\/div>\r\n    <div class=\"mec-skin-custom-no-events-container mec-util-hidden\" id=\"mec_skin_no_events_4158\">\r\n        No event found!    <\/div>\r\n    \r\n    <div class=\"mec-load-more-wrap\">\r\n                <div tabindex=\"0\" onkeydown=\"if(event.keyCode===13){jQuery(this).trigger('click');}\" class=\"mec-load-more-button \">Load More<\/div>\r\n            <\/div>\r\n<\/div>\r\n<div class=\"elegant-empty-space space-vertical fusion-clearfix \" style=\"height:10px;\"><\/div><div class=\"fusion-text fusion-text-11\"><p><span style=\"color: #ffffff;\">.<\/span><\/p>\n<\/div><div class=\"fusion-button-wrapper\"><a class=\"fusion-button button-flat button-small button-default fusion-button-default button-2 fusion-button-default-span fusion-button-default-type\" target=\"_self\" href=\"https:\/\/kulturbau.ch\/medien-center\/schoen%26gut\/schoen%26gut_GeistigeNahrung.pdf\"><i class=\"fa-file-pdf fas awb-button__icon awb-button__icon--default button-icon-left\" aria-hidden=\"true\"><\/i><span class=\"fusion-button-text awb-button__text awb-button__text--default\">INFO Spezialprogramm \u00abGeistige Nahrung\u00bb<\/span><\/a><\/div><div class=\"fusion-text fusion-text-12\"><p><span style=\"color: #ffffff;\">.<\/span><\/p>\n<\/div><div class=\"fusion-text fusion-text-13\" style=\"--awb-font-size:12px;\"><p><i>Kann man sich nach beinahe 20 Jahren und f\u00fcnf Programmen mit Frau Gut und Herrn Sch\u00f6n, f\u00fcnf Programmen in der kleinen Welt von Grossh\u00f6chstetten noch selber \u00fcbertreffen? Ja, man kann!<br \/>\nAnna-Katharina Rickert und Ralf Schlatter beweisen auch im sechsten St\u00fcck \u00abAller Tage Abend\u00bb, dass sie wahre Meister sind im poetischen und politischen Kabarett. Eine Wonne f\u00fcr alle, die sich gern am\u00fcsieren und dabei auch selber mitdenken.<\/i> (Christoph Hoign\u00e9)<\/p>\n<\/div><div class=\"fusion-clearfix\"><\/div><\/div><\/div><\/div><\/div>\n","protected":false},"excerpt":{"rendered":"","protected":false},"author":2,"featured_media":0,"parent":0,"menu_order":0,"comment_status":"closed","ping_status":"closed","template":"","meta":{"footnotes":""},"class_list":["post-220","page","type-page","status-publish","hentry"],"yoast_head":"<!-- This site is optimized with the Yoast SEO plugin v27.1.1 - https:\/\/yoast.com\/product\/yoast-seo-wordpress\/ -->\n<title>sch\u00f6n&amp;gut - Kulturbau GmbH<\/title>\n<meta name=\"description\" content=\"sch\u00f6n&amp;gut. Poetisches und politisches Kabarett mit Anna-Katharina Rickert &amp; Ralf Schlatter. 2004 erhielten sie den Salzburger Stier, 2014 den Schweizer Kabarettpreis Cornichon und 2017 den Schweizer Kleinkunstpreis.\" \/>\n<meta name=\"robots\" content=\"index, follow, max-snippet:-1, max-image-preview:large, max-video-preview:-1\" \/>\n<link rel=\"canonical\" href=\"https:\/\/kulturbau.ch\/ws19\/schoengut\/\" \/>\n<meta property=\"og:locale\" content=\"de_DE\" \/>\n<meta property=\"og:type\" content=\"article\" \/>\n<meta property=\"og:title\" content=\"sch\u00f6n&amp;gut - Kulturbau GmbH\" \/>\n<meta property=\"og:description\" content=\"sch\u00f6n&amp;gut. Poetisches und politisches Kabarett mit Anna-Katharina Rickert &amp; Ralf Schlatter. 2004 erhielten sie den Salzburger Stier, 2014 den Schweizer Kabarettpreis Cornichon und 2017 den Schweizer Kleinkunstpreis.\" \/>\n<meta property=\"og:url\" content=\"https:\/\/kulturbau.ch\/ws19\/schoengut\/\" \/>\n<meta property=\"og:site_name\" content=\"Kulturbau GmbH\" \/>\n<meta property=\"article:publisher\" content=\"https:\/\/www.facebook.com\/kulturbau\" \/>\n<meta property=\"article:modified_time\" content=\"2025-07-04T09:27:11+00:00\" \/>\n<meta property=\"og:image\" content=\"https:\/\/kulturbau.ch\/ws19\/wp-content\/uploads\/2021\/01\/SCHO_20010_Plakat_low_210121-200x399.jpg\" \/>\n<meta name=\"twitter:card\" content=\"summary_large_image\" \/>\n<meta name=\"twitter:label1\" content=\"Gesch\u00e4tzte Lesezeit\" \/>\n\t<meta name=\"twitter:data1\" content=\"8\u00a0Minuten\" \/>\n<script type=\"application\/ld+json\" class=\"yoast-schema-graph\">{\"@context\":\"https:\/\/schema.org\",\"@graph\":[{\"@type\":\"WebPage\",\"@id\":\"https:\/\/kulturbau.ch\/ws19\/schoengut\/\",\"url\":\"https:\/\/kulturbau.ch\/ws19\/schoengut\/\",\"name\":\"sch\u00f6n&gut - Kulturbau GmbH\",\"isPartOf\":{\"@id\":\"https:\/\/kulturbau.ch\/ws19\/#website\"},\"primaryImageOfPage\":{\"@id\":\"https:\/\/kulturbau.ch\/ws19\/schoengut\/#primaryimage\"},\"image\":{\"@id\":\"https:\/\/kulturbau.ch\/ws19\/schoengut\/#primaryimage\"},\"thumbnailUrl\":\"https:\/\/kulturbau.ch\/ws19\/wp-content\/uploads\/2021\/01\/SCHO_20010_Plakat_low_210121-200x399.jpg\",\"datePublished\":\"2019-07-06T18:20:39+00:00\",\"dateModified\":\"2025-07-04T09:27:11+00:00\",\"description\":\"sch\u00f6n&gut. Poetisches und politisches Kabarett mit Anna-Katharina Rickert & Ralf Schlatter. 2004 erhielten sie den Salzburger Stier, 2014 den Schweizer Kabarettpreis Cornichon und 2017 den Schweizer Kleinkunstpreis.\",\"breadcrumb\":{\"@id\":\"https:\/\/kulturbau.ch\/ws19\/schoengut\/#breadcrumb\"},\"inLanguage\":\"de-CH\",\"potentialAction\":[{\"@type\":\"ReadAction\",\"target\":[\"https:\/\/kulturbau.ch\/ws19\/schoengut\/\"]}]},{\"@type\":\"ImageObject\",\"inLanguage\":\"de-CH\",\"@id\":\"https:\/\/kulturbau.ch\/ws19\/schoengut\/#primaryimage\",\"url\":\"https:\/\/kulturbau.ch\/ws19\/wp-content\/uploads\/2021\/01\/SCHO_20010_Plakat_low_210121-scaled.jpg\",\"contentUrl\":\"https:\/\/kulturbau.ch\/ws19\/wp-content\/uploads\/2021\/01\/SCHO_20010_Plakat_low_210121-scaled.jpg\",\"width\":1283,\"height\":2560,\"caption\":\"sch\u00f6n&gut, Programm Aller Tage Abend\"},{\"@type\":\"BreadcrumbList\",\"@id\":\"https:\/\/kulturbau.ch\/ws19\/schoengut\/#breadcrumb\",\"itemListElement\":[{\"@type\":\"ListItem\",\"position\":1,\"name\":\"Home\",\"item\":\"https:\/\/kulturbau.ch\/ws19\/\"},{\"@type\":\"ListItem\",\"position\":2,\"name\":\"sch\u00f6n&#038;gut\"}]},{\"@type\":\"WebSite\",\"@id\":\"https:\/\/kulturbau.ch\/ws19\/#website\",\"url\":\"https:\/\/kulturbau.ch\/ws19\/\",\"name\":\"Kulturbau GmbH\",\"description\":\"K\u00fcnstlervermittlung &amp; Kulturproduktionen\",\"publisher\":{\"@id\":\"https:\/\/kulturbau.ch\/ws19\/#organization\"},\"potentialAction\":[{\"@type\":\"SearchAction\",\"target\":{\"@type\":\"EntryPoint\",\"urlTemplate\":\"https:\/\/kulturbau.ch\/ws19\/?s={search_term_string}\"},\"query-input\":{\"@type\":\"PropertyValueSpecification\",\"valueRequired\":true,\"valueName\":\"search_term_string\"}}],\"inLanguage\":\"de-CH\"},{\"@type\":\"Organization\",\"@id\":\"https:\/\/kulturbau.ch\/ws19\/#organization\",\"name\":\"Kulturbau GmbH\",\"url\":\"https:\/\/kulturbau.ch\/ws19\/\",\"logo\":{\"@type\":\"ImageObject\",\"inLanguage\":\"de-CH\",\"@id\":\"https:\/\/kulturbau.ch\/ws19\/#\/schema\/logo\/image\/\",\"url\":\"https:\/\/kulturbau.ch\/ws19\/wp-content\/uploads\/2019\/07\/kulturbau_logo.gif\",\"contentUrl\":\"https:\/\/kulturbau.ch\/ws19\/wp-content\/uploads\/2019\/07\/kulturbau_logo.gif\",\"width\":313,\"height\":58,\"caption\":\"Kulturbau GmbH\"},\"image\":{\"@id\":\"https:\/\/kulturbau.ch\/ws19\/#\/schema\/logo\/image\/\"},\"sameAs\":[\"https:\/\/www.facebook.com\/kulturbau\",\"https:\/\/www.instagram.com\/kulturbau_agentur\/\"]}]}<\/script>\n<!-- \/ Yoast SEO plugin. -->","yoast_head_json":{"title":"sch\u00f6n&gut - Kulturbau GmbH","description":"sch\u00f6n&gut. Poetisches und politisches Kabarett mit Anna-Katharina Rickert & Ralf Schlatter. 2004 erhielten sie den Salzburger Stier, 2014 den Schweizer Kabarettpreis Cornichon und 2017 den Schweizer Kleinkunstpreis.","robots":{"index":"index","follow":"follow","max-snippet":"max-snippet:-1","max-image-preview":"max-image-preview:large","max-video-preview":"max-video-preview:-1"},"canonical":"https:\/\/kulturbau.ch\/ws19\/schoengut\/","og_locale":"de_DE","og_type":"article","og_title":"sch\u00f6n&gut - Kulturbau GmbH","og_description":"sch\u00f6n&gut. Poetisches und politisches Kabarett mit Anna-Katharina Rickert & Ralf Schlatter. 2004 erhielten sie den Salzburger Stier, 2014 den Schweizer Kabarettpreis Cornichon und 2017 den Schweizer Kleinkunstpreis.","og_url":"https:\/\/kulturbau.ch\/ws19\/schoengut\/","og_site_name":"Kulturbau GmbH","article_publisher":"https:\/\/www.facebook.com\/kulturbau","article_modified_time":"2025-07-04T09:27:11+00:00","og_image":[{"url":"https:\/\/kulturbau.ch\/ws19\/wp-content\/uploads\/2021\/01\/SCHO_20010_Plakat_low_210121-200x399.jpg","type":"","width":"","height":""}],"twitter_card":"summary_large_image","twitter_misc":{"Gesch\u00e4tzte Lesezeit":"8\u00a0Minuten"},"schema":{"@context":"https:\/\/schema.org","@graph":[{"@type":"WebPage","@id":"https:\/\/kulturbau.ch\/ws19\/schoengut\/","url":"https:\/\/kulturbau.ch\/ws19\/schoengut\/","name":"sch\u00f6n&gut - Kulturbau GmbH","isPartOf":{"@id":"https:\/\/kulturbau.ch\/ws19\/#website"},"primaryImageOfPage":{"@id":"https:\/\/kulturbau.ch\/ws19\/schoengut\/#primaryimage"},"image":{"@id":"https:\/\/kulturbau.ch\/ws19\/schoengut\/#primaryimage"},"thumbnailUrl":"https:\/\/kulturbau.ch\/ws19\/wp-content\/uploads\/2021\/01\/SCHO_20010_Plakat_low_210121-200x399.jpg","datePublished":"2019-07-06T18:20:39+00:00","dateModified":"2025-07-04T09:27:11+00:00","description":"sch\u00f6n&gut. Poetisches und politisches Kabarett mit Anna-Katharina Rickert & Ralf Schlatter. 2004 erhielten sie den Salzburger Stier, 2014 den Schweizer Kabarettpreis Cornichon und 2017 den Schweizer Kleinkunstpreis.","breadcrumb":{"@id":"https:\/\/kulturbau.ch\/ws19\/schoengut\/#breadcrumb"},"inLanguage":"de-CH","potentialAction":[{"@type":"ReadAction","target":["https:\/\/kulturbau.ch\/ws19\/schoengut\/"]}]},{"@type":"ImageObject","inLanguage":"de-CH","@id":"https:\/\/kulturbau.ch\/ws19\/schoengut\/#primaryimage","url":"https:\/\/kulturbau.ch\/ws19\/wp-content\/uploads\/2021\/01\/SCHO_20010_Plakat_low_210121-scaled.jpg","contentUrl":"https:\/\/kulturbau.ch\/ws19\/wp-content\/uploads\/2021\/01\/SCHO_20010_Plakat_low_210121-scaled.jpg","width":1283,"height":2560,"caption":"sch\u00f6n&gut, Programm Aller Tage Abend"},{"@type":"BreadcrumbList","@id":"https:\/\/kulturbau.ch\/ws19\/schoengut\/#breadcrumb","itemListElement":[{"@type":"ListItem","position":1,"name":"Home","item":"https:\/\/kulturbau.ch\/ws19\/"},{"@type":"ListItem","position":2,"name":"sch\u00f6n&#038;gut"}]},{"@type":"WebSite","@id":"https:\/\/kulturbau.ch\/ws19\/#website","url":"https:\/\/kulturbau.ch\/ws19\/","name":"Kulturbau GmbH","description":"K\u00fcnstlervermittlung &amp; Kulturproduktionen","publisher":{"@id":"https:\/\/kulturbau.ch\/ws19\/#organization"},"potentialAction":[{"@type":"SearchAction","target":{"@type":"EntryPoint","urlTemplate":"https:\/\/kulturbau.ch\/ws19\/?s={search_term_string}"},"query-input":{"@type":"PropertyValueSpecification","valueRequired":true,"valueName":"search_term_string"}}],"inLanguage":"de-CH"},{"@type":"Organization","@id":"https:\/\/kulturbau.ch\/ws19\/#organization","name":"Kulturbau GmbH","url":"https:\/\/kulturbau.ch\/ws19\/","logo":{"@type":"ImageObject","inLanguage":"de-CH","@id":"https:\/\/kulturbau.ch\/ws19\/#\/schema\/logo\/image\/","url":"https:\/\/kulturbau.ch\/ws19\/wp-content\/uploads\/2019\/07\/kulturbau_logo.gif","contentUrl":"https:\/\/kulturbau.ch\/ws19\/wp-content\/uploads\/2019\/07\/kulturbau_logo.gif","width":313,"height":58,"caption":"Kulturbau GmbH"},"image":{"@id":"https:\/\/kulturbau.ch\/ws19\/#\/schema\/logo\/image\/"},"sameAs":["https:\/\/www.facebook.com\/kulturbau","https:\/\/www.instagram.com\/kulturbau_agentur\/"]}]}},"_links":{"self":[{"href":"https:\/\/kulturbau.ch\/ws19\/wp-json\/wp\/v2\/pages\/220","targetHints":{"allow":["GET"]}}],"collection":[{"href":"https:\/\/kulturbau.ch\/ws19\/wp-json\/wp\/v2\/pages"}],"about":[{"href":"https:\/\/kulturbau.ch\/ws19\/wp-json\/wp\/v2\/types\/page"}],"author":[{"embeddable":true,"href":"https:\/\/kulturbau.ch\/ws19\/wp-json\/wp\/v2\/users\/2"}],"replies":[{"embeddable":true,"href":"https:\/\/kulturbau.ch\/ws19\/wp-json\/wp\/v2\/comments?post=220"}],"version-history":[{"count":79,"href":"https:\/\/kulturbau.ch\/ws19\/wp-json\/wp\/v2\/pages\/220\/revisions"}],"predecessor-version":[{"id":8066,"href":"https:\/\/kulturbau.ch\/ws19\/wp-json\/wp\/v2\/pages\/220\/revisions\/8066"}],"wp:attachment":[{"href":"https:\/\/kulturbau.ch\/ws19\/wp-json\/wp\/v2\/media?parent=220"}],"curies":[{"name":"wp","href":"https:\/\/api.w.org\/{rel}","templated":true}]}}