{"id":4772,"date":"2021-03-29T11:05:38","date_gmt":"2021-03-29T09:05:38","guid":{"rendered":"https:\/\/kulturbau.ch\/ws19\/?post_type=mec-events&#038;p=4772"},"modified":"2021-03-29T11:10:48","modified_gmt":"2021-03-29T09:10:48","slug":"uta-koebernick-ich-bin-noch-nicht-fertig-2-2-2-2-2-2-2-2-2-288-389","status":"publish","type":"mec-events","link":"https:\/\/kulturbau.ch\/ws19\/veranstaltungen\/uta-koebernick-ich-bin-noch-nicht-fertig-2-2-2-2-2-2-2-2-2-288-389\/","title":{"rendered":"UTA K\u00d6BERNICK &#8211; \u00abIch bin noch nicht fertig\u00bb"},"content":{"rendered":"<p><strong>Musik-Kabarett<\/strong><\/p>\n<p>Zu fr\u00fch gefreut? Ja, aber wann sonst. In K\u00f6bernicks neuem Programm wird die Welt nicht gesch\u00f6nt, aber sch\u00f6ner.<br \/>\n\u201eIch bin noch nicht fertig\u201c ist frohe Drohung. Ist Einsicht und Verheissung.<br \/>\nIst entschlossenes Z\u00f6gern und das Gegenteil von Meinung.<br \/>\nIst Motor und L\u00e4hmung, ist tobender Stillstand.<br \/>\nIst be\u00e4ngstigende Freude. Ist Witz. Ist Ehrenrunde.<br \/>\nIst Trost vielleicht. Und faule Ausrede. Ist pr\u00e4zise Schlamperei.<br \/>\nIst Analyse mit sensiblen musikalischen Messger\u00e4ten.<br \/>\nIst vollendete Skizze.<\/p>\n<p>Als scheinintegrierte Deutsche in der Schweiz schl\u00e4gt die geb\u00fcrtige Europ\u00e4erin ihre Ostberliner Wurzeln tief in die Blument\u00f6pfe unserer Vorurteile. Aus der Sicht des Merkurs lebt sie hinterm Mond. Diese Einsicht stattet sie mit einer Demut aus, die sie gekonnt zu verbergen weiss, denn dass die diplomierte Schauspielerin mit dem Deutschen Kleinkunstpreis, dem Preis der Deutschen Schallplattenkritik und dem Salzburger Stier ausgezeichnet wurde, ist dem Merkur zwar egal, doch hinterm Mond einleuchtend.<\/p>\n<p><a href=\"http:\/\/www.koebernick.ch\" target=\"_blank\" rel=\"noopener\">www.koebernick.ch<\/a><\/p>\n","protected":false},"excerpt":{"rendered":"<p>\u00abIch bin noch nicht fertig\u00bb<\/p>\n","protected":false},"author":3,"featured_media":0,"comment_status":"closed","ping_status":"closed","template":"","tags":[9,11,117,87,81],"mec_category":[109,80],"class_list":["post-4772","mec-events","type-mec-events","status-publish","hentry","tag-kabarett","tag-kleinkunst","tag-kuenstlertermine","tag-salzburger-stier","tag-uta-koebernick","mec_category-kuenstler-in","mec_category-uta-koebernick"],"yoast_head":"<!-- This site is optimized with the Yoast SEO plugin v27.1.1 - https:\/\/yoast.com\/product\/yoast-seo-wordpress\/ -->\n<title>UTA K\u00d6BERNICK - \u00abIch bin noch nicht fertig\u00bb - Kulturbau GmbH<\/title>\n<meta name=\"description\" content=\"Vorstellung Uta K\u00f6bernick\" \/>\n<meta name=\"robots\" content=\"index, follow, max-snippet:-1, max-image-preview:large, max-video-preview:-1\" \/>\n<link rel=\"canonical\" href=\"https:\/\/kulturbau.ch\/ws19\/veranstaltungen\/uta-koebernick-ich-bin-noch-nicht-fertig-2-2-2-2-2-2-2-2-2-288-389\/\" \/>\n<meta property=\"og:locale\" content=\"de_DE\" \/>\n<meta property=\"og:type\" content=\"article\" \/>\n<meta property=\"og:title\" content=\"UTA K\u00d6BERNICK - \u00abIch bin noch nicht fertig\u00bb - Kulturbau GmbH\" \/>\n<meta property=\"og:description\" content=\"Vorstellung Uta K\u00f6bernick\" \/>\n<meta property=\"og:url\" content=\"https:\/\/kulturbau.ch\/ws19\/veranstaltungen\/uta-koebernick-ich-bin-noch-nicht-fertig-2-2-2-2-2-2-2-2-2-288-389\/\" \/>\n<meta property=\"og:site_name\" content=\"Kulturbau GmbH\" \/>\n<meta property=\"article:publisher\" content=\"https:\/\/www.facebook.com\/kulturbau\" \/>\n<meta property=\"article:modified_time\" content=\"2021-03-29T09:10:48+00:00\" \/>\n<meta property=\"og:image\" content=\"https:\/\/kulturbau.ch\/ws19\/wp-content\/uploads\/2019\/07\/koebernick_ibnnf_A3.jpg\" \/>\n\t<meta property=\"og:image:width\" content=\"1169\" \/>\n\t<meta property=\"og:image:height\" content=\"1654\" \/>\n\t<meta property=\"og:image:type\" content=\"image\/jpeg\" \/>\n<meta name=\"twitter:card\" content=\"summary_large_image\" \/>\n<meta name=\"twitter:label1\" content=\"Gesch\u00e4tzte Lesezeit\" \/>\n\t<meta name=\"twitter:data1\" content=\"1\u00a0Minute\" \/>\n<script type=\"application\/ld+json\" class=\"yoast-schema-graph\">{\"@context\":\"https:\/\/schema.org\",\"@graph\":[{\"@type\":\"WebPage\",\"@id\":\"https:\/\/kulturbau.ch\/ws19\/veranstaltungen\/uta-koebernick-ich-bin-noch-nicht-fertig-2-2-2-2-2-2-2-2-2-288-389\/\",\"url\":\"https:\/\/kulturbau.ch\/ws19\/veranstaltungen\/uta-koebernick-ich-bin-noch-nicht-fertig-2-2-2-2-2-2-2-2-2-288-389\/\",\"name\":\"UTA K\u00d6BERNICK - \u00abIch bin noch nicht fertig\u00bb - Kulturbau GmbH\",\"isPartOf\":{\"@id\":\"https:\/\/kulturbau.ch\/ws19\/#website\"},\"datePublished\":\"2021-03-29T09:05:38+00:00\",\"dateModified\":\"2021-03-29T09:10:48+00:00\",\"description\":\"Vorstellung Uta K\u00f6bernick\",\"breadcrumb\":{\"@id\":\"https:\/\/kulturbau.ch\/ws19\/veranstaltungen\/uta-koebernick-ich-bin-noch-nicht-fertig-2-2-2-2-2-2-2-2-2-288-389\/#breadcrumb\"},\"inLanguage\":\"de-CH\",\"potentialAction\":[{\"@type\":\"ReadAction\",\"target\":[\"https:\/\/kulturbau.ch\/ws19\/veranstaltungen\/uta-koebernick-ich-bin-noch-nicht-fertig-2-2-2-2-2-2-2-2-2-288-389\/\"]}]},{\"@type\":\"BreadcrumbList\",\"@id\":\"https:\/\/kulturbau.ch\/ws19\/veranstaltungen\/uta-koebernick-ich-bin-noch-nicht-fertig-2-2-2-2-2-2-2-2-2-288-389\/#breadcrumb\",\"itemListElement\":[{\"@type\":\"ListItem\",\"position\":1,\"name\":\"Home\",\"item\":\"https:\/\/kulturbau.ch\/ws19\/\"},{\"@type\":\"ListItem\",\"position\":2,\"name\":\"Events\",\"item\":\"https:\/\/kulturbau.ch\/ws19\/veranstaltungen\/\"},{\"@type\":\"ListItem\",\"position\":3,\"name\":\"UTA K\u00d6BERNICK &#8211; \u00abIch bin noch nicht fertig\u00bb\"}]},{\"@type\":\"WebSite\",\"@id\":\"https:\/\/kulturbau.ch\/ws19\/#website\",\"url\":\"https:\/\/kulturbau.ch\/ws19\/\",\"name\":\"Kulturbau GmbH\",\"description\":\"K\u00fcnstlervermittlung &amp; Kulturproduktionen\",\"publisher\":{\"@id\":\"https:\/\/kulturbau.ch\/ws19\/#organization\"},\"potentialAction\":[{\"@type\":\"SearchAction\",\"target\":{\"@type\":\"EntryPoint\",\"urlTemplate\":\"https:\/\/kulturbau.ch\/ws19\/?s={search_term_string}\"},\"query-input\":{\"@type\":\"PropertyValueSpecification\",\"valueRequired\":true,\"valueName\":\"search_term_string\"}}],\"inLanguage\":\"de-CH\"},{\"@type\":\"Organization\",\"@id\":\"https:\/\/kulturbau.ch\/ws19\/#organization\",\"name\":\"Kulturbau GmbH\",\"url\":\"https:\/\/kulturbau.ch\/ws19\/\",\"logo\":{\"@type\":\"ImageObject\",\"inLanguage\":\"de-CH\",\"@id\":\"https:\/\/kulturbau.ch\/ws19\/#\/schema\/logo\/image\/\",\"url\":\"https:\/\/kulturbau.ch\/ws19\/wp-content\/uploads\/2019\/07\/kulturbau_logo.gif\",\"contentUrl\":\"https:\/\/kulturbau.ch\/ws19\/wp-content\/uploads\/2019\/07\/kulturbau_logo.gif\",\"width\":313,\"height\":58,\"caption\":\"Kulturbau GmbH\"},\"image\":{\"@id\":\"https:\/\/kulturbau.ch\/ws19\/#\/schema\/logo\/image\/\"},\"sameAs\":[\"https:\/\/www.facebook.com\/kulturbau\",\"https:\/\/www.instagram.com\/kulturbau_agentur\/\"]}]}<\/script>\n<!-- \/ Yoast SEO plugin. -->","yoast_head_json":{"title":"UTA K\u00d6BERNICK - \u00abIch bin noch nicht fertig\u00bb - Kulturbau GmbH","description":"Vorstellung Uta K\u00f6bernick","robots":{"index":"index","follow":"follow","max-snippet":"max-snippet:-1","max-image-preview":"max-image-preview:large","max-video-preview":"max-video-preview:-1"},"canonical":"https:\/\/kulturbau.ch\/ws19\/veranstaltungen\/uta-koebernick-ich-bin-noch-nicht-fertig-2-2-2-2-2-2-2-2-2-288-389\/","og_locale":"de_DE","og_type":"article","og_title":"UTA K\u00d6BERNICK - \u00abIch bin noch nicht fertig\u00bb - Kulturbau GmbH","og_description":"Vorstellung Uta K\u00f6bernick","og_url":"https:\/\/kulturbau.ch\/ws19\/veranstaltungen\/uta-koebernick-ich-bin-noch-nicht-fertig-2-2-2-2-2-2-2-2-2-288-389\/","og_site_name":"Kulturbau GmbH","article_publisher":"https:\/\/www.facebook.com\/kulturbau","article_modified_time":"2021-03-29T09:10:48+00:00","og_image":[{"width":1169,"height":1654,"url":"https:\/\/kulturbau.ch\/ws19\/wp-content\/uploads\/2019\/07\/koebernick_ibnnf_A3.jpg","type":"image\/jpeg"}],"twitter_card":"summary_large_image","twitter_misc":{"Gesch\u00e4tzte Lesezeit":"1\u00a0Minute"},"schema":{"@context":"https:\/\/schema.org","@graph":[{"@type":"WebPage","@id":"https:\/\/kulturbau.ch\/ws19\/veranstaltungen\/uta-koebernick-ich-bin-noch-nicht-fertig-2-2-2-2-2-2-2-2-2-288-389\/","url":"https:\/\/kulturbau.ch\/ws19\/veranstaltungen\/uta-koebernick-ich-bin-noch-nicht-fertig-2-2-2-2-2-2-2-2-2-288-389\/","name":"UTA K\u00d6BERNICK - \u00abIch bin noch nicht fertig\u00bb - Kulturbau GmbH","isPartOf":{"@id":"https:\/\/kulturbau.ch\/ws19\/#website"},"datePublished":"2021-03-29T09:05:38+00:00","dateModified":"2021-03-29T09:10:48+00:00","description":"Vorstellung Uta K\u00f6bernick","breadcrumb":{"@id":"https:\/\/kulturbau.ch\/ws19\/veranstaltungen\/uta-koebernick-ich-bin-noch-nicht-fertig-2-2-2-2-2-2-2-2-2-288-389\/#breadcrumb"},"inLanguage":"de-CH","potentialAction":[{"@type":"ReadAction","target":["https:\/\/kulturbau.ch\/ws19\/veranstaltungen\/uta-koebernick-ich-bin-noch-nicht-fertig-2-2-2-2-2-2-2-2-2-288-389\/"]}]},{"@type":"BreadcrumbList","@id":"https:\/\/kulturbau.ch\/ws19\/veranstaltungen\/uta-koebernick-ich-bin-noch-nicht-fertig-2-2-2-2-2-2-2-2-2-288-389\/#breadcrumb","itemListElement":[{"@type":"ListItem","position":1,"name":"Home","item":"https:\/\/kulturbau.ch\/ws19\/"},{"@type":"ListItem","position":2,"name":"Events","item":"https:\/\/kulturbau.ch\/ws19\/veranstaltungen\/"},{"@type":"ListItem","position":3,"name":"UTA K\u00d6BERNICK &#8211; \u00abIch bin noch nicht fertig\u00bb"}]},{"@type":"WebSite","@id":"https:\/\/kulturbau.ch\/ws19\/#website","url":"https:\/\/kulturbau.ch\/ws19\/","name":"Kulturbau GmbH","description":"K\u00fcnstlervermittlung &amp; Kulturproduktionen","publisher":{"@id":"https:\/\/kulturbau.ch\/ws19\/#organization"},"potentialAction":[{"@type":"SearchAction","target":{"@type":"EntryPoint","urlTemplate":"https:\/\/kulturbau.ch\/ws19\/?s={search_term_string}"},"query-input":{"@type":"PropertyValueSpecification","valueRequired":true,"valueName":"search_term_string"}}],"inLanguage":"de-CH"},{"@type":"Organization","@id":"https:\/\/kulturbau.ch\/ws19\/#organization","name":"Kulturbau GmbH","url":"https:\/\/kulturbau.ch\/ws19\/","logo":{"@type":"ImageObject","inLanguage":"de-CH","@id":"https:\/\/kulturbau.ch\/ws19\/#\/schema\/logo\/image\/","url":"https:\/\/kulturbau.ch\/ws19\/wp-content\/uploads\/2019\/07\/kulturbau_logo.gif","contentUrl":"https:\/\/kulturbau.ch\/ws19\/wp-content\/uploads\/2019\/07\/kulturbau_logo.gif","width":313,"height":58,"caption":"Kulturbau GmbH"},"image":{"@id":"https:\/\/kulturbau.ch\/ws19\/#\/schema\/logo\/image\/"},"sameAs":["https:\/\/www.facebook.com\/kulturbau","https:\/\/www.instagram.com\/kulturbau_agentur\/"]}]}},"_links":{"self":[{"href":"https:\/\/kulturbau.ch\/ws19\/wp-json\/wp\/v2\/mec-events\/4772","targetHints":{"allow":["GET"]}}],"collection":[{"href":"https:\/\/kulturbau.ch\/ws19\/wp-json\/wp\/v2\/mec-events"}],"about":[{"href":"https:\/\/kulturbau.ch\/ws19\/wp-json\/wp\/v2\/types\/mec-events"}],"author":[{"embeddable":true,"href":"https:\/\/kulturbau.ch\/ws19\/wp-json\/wp\/v2\/users\/3"}],"replies":[{"embeddable":true,"href":"https:\/\/kulturbau.ch\/ws19\/wp-json\/wp\/v2\/comments?post=4772"}],"version-history":[{"count":2,"href":"https:\/\/kulturbau.ch\/ws19\/wp-json\/wp\/v2\/mec-events\/4772\/revisions"}],"predecessor-version":[{"id":4774,"href":"https:\/\/kulturbau.ch\/ws19\/wp-json\/wp\/v2\/mec-events\/4772\/revisions\/4774"}],"wp:attachment":[{"href":"https:\/\/kulturbau.ch\/ws19\/wp-json\/wp\/v2\/media?parent=4772"}],"wp:term":[{"taxonomy":"post_tag","embeddable":true,"href":"https:\/\/kulturbau.ch\/ws19\/wp-json\/wp\/v2\/tags?post=4772"},{"taxonomy":"mec_category","embeddable":true,"href":"https:\/\/kulturbau.ch\/ws19\/wp-json\/wp\/v2\/mec_category?post=4772"}],"curies":[{"name":"wp","href":"https:\/\/api.w.org\/{rel}","templated":true}]}}