{"id":4715,"date":"2021-03-23T13:41:29","date_gmt":"2021-03-23T12:41:29","guid":{"rendered":"https:\/\/kulturbau.ch\/ws19\/?post_type=mec-events&#038;p=4715"},"modified":"2021-03-23T13:41:29","modified_gmt":"2021-03-23T12:41:29","slug":"schoengut-aller-tage-abend-3-2-2-2-2-2-2-2-2-2-2-2-2-2-2-2-2-2-379-217-493-204","status":"publish","type":"mec-events","link":"https:\/\/kulturbau.ch\/ws19\/veranstaltungen\/schoengut-aller-tage-abend-3-2-2-2-2-2-2-2-2-2-2-2-2-2-2-2-2-2-379-217-493-204\/","title":{"rendered":"SCH\u00d6N&#038;GUT \u2013 \u00abAller Tage Abend\u00bb"},"content":{"rendered":"<p><strong>Poetisches und politisches Kabarett mit Anna-Katharina Rickert &amp; Ralf Schlatter<\/strong><\/p>\n<p>Gemeindepr\u00e4sident Kellenberger ist am Rotieren. Auf der Sch\u00f6nmatt, hoch \u00fcber Grossh\u00f6chstetten, liegt heute die Zukunft in der Luft: drei wuchtige Windr\u00e4der. Das Volk hat er mit W\u00fcrsten und Aktien so gut wie im Sack, w\u00e4re da nicht eine omin\u00f6se Aktivistin, die drauf und dran ist, ihm den Wind aus den R\u00e4dern zu nehmen. Die Segel hingegen setzt Matrosentochter Katharina Gut, w\u00e4hrend Metzgerssohn Georg Sch\u00f6n seit Neustem auf Tofu steht. Kurz und gut: Grossh\u00f6chstetten dreht ganz sch\u00f6n am Rad. Doch das wird j\u00e4h gebremst, aus heiterem Himmel, und pl\u00f6tzlich steht die Zukunft in den Sternen. Und vielleicht muss nicht nur das Rad neu erfunden werden &#8230; sch\u00f6n&amp;gut bietet einmal mehr Wortwitz, Gesang, geistreiche Satire und grenzenlose Fantasie.<\/p>\n<p><a href=\"http:\/\/www.schoenundgut.ch\" target=\"_blank\" rel=\"noopener\">www.schoenundgut.ch<\/a><\/p>\n","protected":false},"excerpt":{"rendered":"<p>\u00abAller Tage Abend\u00bb<\/p>\n","protected":false},"author":3,"featured_media":3781,"comment_status":"closed","ping_status":"closed","template":"","tags":[9,11,86],"mec_category":[109,74],"class_list":["post-4715","mec-events","type-mec-events","status-publish","has-post-thumbnail","hentry","tag-kabarett","tag-kleinkunst","tag-schoengut","mec_category-kuenstler-in","mec_category-schoenundgut"],"yoast_head":"<!-- This site is optimized with the Yoast SEO plugin v27.1.1 - https:\/\/yoast.com\/product\/yoast-seo-wordpress\/ -->\n<title>SCH\u00d6N&amp;GUT \u2013 \u00abAller Tage Abend\u00bb - Kulturbau GmbH<\/title>\n<meta name=\"robots\" content=\"index, follow, max-snippet:-1, max-image-preview:large, max-video-preview:-1\" \/>\n<link rel=\"canonical\" href=\"https:\/\/kulturbau.ch\/ws19\/veranstaltungen\/schoengut-aller-tage-abend-3-2-2-2-2-2-2-2-2-2-2-2-2-2-2-2-2-2-379-217-493-204\/\" \/>\n<meta property=\"og:locale\" content=\"de_DE\" \/>\n<meta property=\"og:type\" content=\"article\" \/>\n<meta property=\"og:title\" content=\"SCH\u00d6N&amp;GUT \u2013 \u00abAller Tage Abend\u00bb - Kulturbau GmbH\" \/>\n<meta property=\"og:description\" content=\"\u00abAller Tage Abend\u00bb\" \/>\n<meta property=\"og:url\" content=\"https:\/\/kulturbau.ch\/ws19\/veranstaltungen\/schoengut-aller-tage-abend-3-2-2-2-2-2-2-2-2-2-2-2-2-2-2-2-2-2-379-217-493-204\/\" \/>\n<meta property=\"og:site_name\" content=\"Kulturbau GmbH\" \/>\n<meta property=\"article:publisher\" content=\"https:\/\/www.facebook.com\/kulturbau\" \/>\n<meta property=\"og:image\" content=\"https:\/\/kulturbau.ch\/ws19\/wp-content\/uploads\/2021\/01\/RZ_SCHO_Plakat_A3_low_210125.jpg\" \/>\n\t<meta property=\"og:image:width\" content=\"1754\" \/>\n\t<meta property=\"og:image:height\" content=\"2480\" \/>\n\t<meta property=\"og:image:type\" content=\"image\/jpeg\" \/>\n<meta name=\"twitter:card\" content=\"summary_large_image\" \/>\n<meta name=\"twitter:label1\" content=\"Gesch\u00e4tzte Lesezeit\" \/>\n\t<meta name=\"twitter:data1\" content=\"1\u00a0Minute\" \/>\n<script type=\"application\/ld+json\" class=\"yoast-schema-graph\">{\"@context\":\"https:\/\/schema.org\",\"@graph\":[{\"@type\":\"WebPage\",\"@id\":\"https:\/\/kulturbau.ch\/ws19\/veranstaltungen\/schoengut-aller-tage-abend-3-2-2-2-2-2-2-2-2-2-2-2-2-2-2-2-2-2-379-217-493-204\/\",\"url\":\"https:\/\/kulturbau.ch\/ws19\/veranstaltungen\/schoengut-aller-tage-abend-3-2-2-2-2-2-2-2-2-2-2-2-2-2-2-2-2-2-379-217-493-204\/\",\"name\":\"SCH\u00d6N&GUT \u2013 \u00abAller Tage Abend\u00bb - Kulturbau GmbH\",\"isPartOf\":{\"@id\":\"https:\/\/kulturbau.ch\/ws19\/#website\"},\"primaryImageOfPage\":{\"@id\":\"https:\/\/kulturbau.ch\/ws19\/veranstaltungen\/schoengut-aller-tage-abend-3-2-2-2-2-2-2-2-2-2-2-2-2-2-2-2-2-2-379-217-493-204\/#primaryimage\"},\"image\":{\"@id\":\"https:\/\/kulturbau.ch\/ws19\/veranstaltungen\/schoengut-aller-tage-abend-3-2-2-2-2-2-2-2-2-2-2-2-2-2-2-2-2-2-379-217-493-204\/#primaryimage\"},\"thumbnailUrl\":\"https:\/\/kulturbau.ch\/ws19\/wp-content\/uploads\/2021\/01\/RZ_SCHO_Plakat_A3_low_210125.jpg\",\"datePublished\":\"2021-03-23T12:41:29+00:00\",\"breadcrumb\":{\"@id\":\"https:\/\/kulturbau.ch\/ws19\/veranstaltungen\/schoengut-aller-tage-abend-3-2-2-2-2-2-2-2-2-2-2-2-2-2-2-2-2-2-379-217-493-204\/#breadcrumb\"},\"inLanguage\":\"de-CH\",\"potentialAction\":[{\"@type\":\"ReadAction\",\"target\":[\"https:\/\/kulturbau.ch\/ws19\/veranstaltungen\/schoengut-aller-tage-abend-3-2-2-2-2-2-2-2-2-2-2-2-2-2-2-2-2-2-379-217-493-204\/\"]}]},{\"@type\":\"ImageObject\",\"inLanguage\":\"de-CH\",\"@id\":\"https:\/\/kulturbau.ch\/ws19\/veranstaltungen\/schoengut-aller-tage-abend-3-2-2-2-2-2-2-2-2-2-2-2-2-2-2-2-2-2-379-217-493-204\/#primaryimage\",\"url\":\"https:\/\/kulturbau.ch\/ws19\/wp-content\/uploads\/2021\/01\/RZ_SCHO_Plakat_A3_low_210125.jpg\",\"contentUrl\":\"https:\/\/kulturbau.ch\/ws19\/wp-content\/uploads\/2021\/01\/RZ_SCHO_Plakat_A3_low_210125.jpg\",\"width\":1754,\"height\":2480},{\"@type\":\"BreadcrumbList\",\"@id\":\"https:\/\/kulturbau.ch\/ws19\/veranstaltungen\/schoengut-aller-tage-abend-3-2-2-2-2-2-2-2-2-2-2-2-2-2-2-2-2-2-379-217-493-204\/#breadcrumb\",\"itemListElement\":[{\"@type\":\"ListItem\",\"position\":1,\"name\":\"Home\",\"item\":\"https:\/\/kulturbau.ch\/ws19\/\"},{\"@type\":\"ListItem\",\"position\":2,\"name\":\"Events\",\"item\":\"https:\/\/kulturbau.ch\/ws19\/veranstaltungen\/\"},{\"@type\":\"ListItem\",\"position\":3,\"name\":\"SCH\u00d6N&#038;GUT \u2013 \u00abAller Tage Abend\u00bb\"}]},{\"@type\":\"WebSite\",\"@id\":\"https:\/\/kulturbau.ch\/ws19\/#website\",\"url\":\"https:\/\/kulturbau.ch\/ws19\/\",\"name\":\"Kulturbau GmbH\",\"description\":\"K\u00fcnstlervermittlung &amp; Kulturproduktionen\",\"publisher\":{\"@id\":\"https:\/\/kulturbau.ch\/ws19\/#organization\"},\"potentialAction\":[{\"@type\":\"SearchAction\",\"target\":{\"@type\":\"EntryPoint\",\"urlTemplate\":\"https:\/\/kulturbau.ch\/ws19\/?s={search_term_string}\"},\"query-input\":{\"@type\":\"PropertyValueSpecification\",\"valueRequired\":true,\"valueName\":\"search_term_string\"}}],\"inLanguage\":\"de-CH\"},{\"@type\":\"Organization\",\"@id\":\"https:\/\/kulturbau.ch\/ws19\/#organization\",\"name\":\"Kulturbau GmbH\",\"url\":\"https:\/\/kulturbau.ch\/ws19\/\",\"logo\":{\"@type\":\"ImageObject\",\"inLanguage\":\"de-CH\",\"@id\":\"https:\/\/kulturbau.ch\/ws19\/#\/schema\/logo\/image\/\",\"url\":\"https:\/\/kulturbau.ch\/ws19\/wp-content\/uploads\/2019\/07\/kulturbau_logo.gif\",\"contentUrl\":\"https:\/\/kulturbau.ch\/ws19\/wp-content\/uploads\/2019\/07\/kulturbau_logo.gif\",\"width\":313,\"height\":58,\"caption\":\"Kulturbau GmbH\"},\"image\":{\"@id\":\"https:\/\/kulturbau.ch\/ws19\/#\/schema\/logo\/image\/\"},\"sameAs\":[\"https:\/\/www.facebook.com\/kulturbau\",\"https:\/\/www.instagram.com\/kulturbau_agentur\/\"]}]}<\/script>\n<!-- \/ Yoast SEO plugin. -->","yoast_head_json":{"title":"SCH\u00d6N&GUT \u2013 \u00abAller Tage Abend\u00bb - Kulturbau GmbH","robots":{"index":"index","follow":"follow","max-snippet":"max-snippet:-1","max-image-preview":"max-image-preview:large","max-video-preview":"max-video-preview:-1"},"canonical":"https:\/\/kulturbau.ch\/ws19\/veranstaltungen\/schoengut-aller-tage-abend-3-2-2-2-2-2-2-2-2-2-2-2-2-2-2-2-2-2-379-217-493-204\/","og_locale":"de_DE","og_type":"article","og_title":"SCH\u00d6N&GUT \u2013 \u00abAller Tage Abend\u00bb - Kulturbau GmbH","og_description":"\u00abAller Tage Abend\u00bb","og_url":"https:\/\/kulturbau.ch\/ws19\/veranstaltungen\/schoengut-aller-tage-abend-3-2-2-2-2-2-2-2-2-2-2-2-2-2-2-2-2-2-379-217-493-204\/","og_site_name":"Kulturbau GmbH","article_publisher":"https:\/\/www.facebook.com\/kulturbau","og_image":[{"width":1754,"height":2480,"url":"https:\/\/kulturbau.ch\/ws19\/wp-content\/uploads\/2021\/01\/RZ_SCHO_Plakat_A3_low_210125.jpg","type":"image\/jpeg"}],"twitter_card":"summary_large_image","twitter_misc":{"Gesch\u00e4tzte Lesezeit":"1\u00a0Minute"},"schema":{"@context":"https:\/\/schema.org","@graph":[{"@type":"WebPage","@id":"https:\/\/kulturbau.ch\/ws19\/veranstaltungen\/schoengut-aller-tage-abend-3-2-2-2-2-2-2-2-2-2-2-2-2-2-2-2-2-2-379-217-493-204\/","url":"https:\/\/kulturbau.ch\/ws19\/veranstaltungen\/schoengut-aller-tage-abend-3-2-2-2-2-2-2-2-2-2-2-2-2-2-2-2-2-2-379-217-493-204\/","name":"SCH\u00d6N&GUT \u2013 \u00abAller Tage Abend\u00bb - Kulturbau GmbH","isPartOf":{"@id":"https:\/\/kulturbau.ch\/ws19\/#website"},"primaryImageOfPage":{"@id":"https:\/\/kulturbau.ch\/ws19\/veranstaltungen\/schoengut-aller-tage-abend-3-2-2-2-2-2-2-2-2-2-2-2-2-2-2-2-2-2-379-217-493-204\/#primaryimage"},"image":{"@id":"https:\/\/kulturbau.ch\/ws19\/veranstaltungen\/schoengut-aller-tage-abend-3-2-2-2-2-2-2-2-2-2-2-2-2-2-2-2-2-2-379-217-493-204\/#primaryimage"},"thumbnailUrl":"https:\/\/kulturbau.ch\/ws19\/wp-content\/uploads\/2021\/01\/RZ_SCHO_Plakat_A3_low_210125.jpg","datePublished":"2021-03-23T12:41:29+00:00","breadcrumb":{"@id":"https:\/\/kulturbau.ch\/ws19\/veranstaltungen\/schoengut-aller-tage-abend-3-2-2-2-2-2-2-2-2-2-2-2-2-2-2-2-2-2-379-217-493-204\/#breadcrumb"},"inLanguage":"de-CH","potentialAction":[{"@type":"ReadAction","target":["https:\/\/kulturbau.ch\/ws19\/veranstaltungen\/schoengut-aller-tage-abend-3-2-2-2-2-2-2-2-2-2-2-2-2-2-2-2-2-2-379-217-493-204\/"]}]},{"@type":"ImageObject","inLanguage":"de-CH","@id":"https:\/\/kulturbau.ch\/ws19\/veranstaltungen\/schoengut-aller-tage-abend-3-2-2-2-2-2-2-2-2-2-2-2-2-2-2-2-2-2-379-217-493-204\/#primaryimage","url":"https:\/\/kulturbau.ch\/ws19\/wp-content\/uploads\/2021\/01\/RZ_SCHO_Plakat_A3_low_210125.jpg","contentUrl":"https:\/\/kulturbau.ch\/ws19\/wp-content\/uploads\/2021\/01\/RZ_SCHO_Plakat_A3_low_210125.jpg","width":1754,"height":2480},{"@type":"BreadcrumbList","@id":"https:\/\/kulturbau.ch\/ws19\/veranstaltungen\/schoengut-aller-tage-abend-3-2-2-2-2-2-2-2-2-2-2-2-2-2-2-2-2-2-379-217-493-204\/#breadcrumb","itemListElement":[{"@type":"ListItem","position":1,"name":"Home","item":"https:\/\/kulturbau.ch\/ws19\/"},{"@type":"ListItem","position":2,"name":"Events","item":"https:\/\/kulturbau.ch\/ws19\/veranstaltungen\/"},{"@type":"ListItem","position":3,"name":"SCH\u00d6N&#038;GUT \u2013 \u00abAller Tage Abend\u00bb"}]},{"@type":"WebSite","@id":"https:\/\/kulturbau.ch\/ws19\/#website","url":"https:\/\/kulturbau.ch\/ws19\/","name":"Kulturbau GmbH","description":"K\u00fcnstlervermittlung &amp; Kulturproduktionen","publisher":{"@id":"https:\/\/kulturbau.ch\/ws19\/#organization"},"potentialAction":[{"@type":"SearchAction","target":{"@type":"EntryPoint","urlTemplate":"https:\/\/kulturbau.ch\/ws19\/?s={search_term_string}"},"query-input":{"@type":"PropertyValueSpecification","valueRequired":true,"valueName":"search_term_string"}}],"inLanguage":"de-CH"},{"@type":"Organization","@id":"https:\/\/kulturbau.ch\/ws19\/#organization","name":"Kulturbau GmbH","url":"https:\/\/kulturbau.ch\/ws19\/","logo":{"@type":"ImageObject","inLanguage":"de-CH","@id":"https:\/\/kulturbau.ch\/ws19\/#\/schema\/logo\/image\/","url":"https:\/\/kulturbau.ch\/ws19\/wp-content\/uploads\/2019\/07\/kulturbau_logo.gif","contentUrl":"https:\/\/kulturbau.ch\/ws19\/wp-content\/uploads\/2019\/07\/kulturbau_logo.gif","width":313,"height":58,"caption":"Kulturbau GmbH"},"image":{"@id":"https:\/\/kulturbau.ch\/ws19\/#\/schema\/logo\/image\/"},"sameAs":["https:\/\/www.facebook.com\/kulturbau","https:\/\/www.instagram.com\/kulturbau_agentur\/"]}]}},"_links":{"self":[{"href":"https:\/\/kulturbau.ch\/ws19\/wp-json\/wp\/v2\/mec-events\/4715","targetHints":{"allow":["GET"]}}],"collection":[{"href":"https:\/\/kulturbau.ch\/ws19\/wp-json\/wp\/v2\/mec-events"}],"about":[{"href":"https:\/\/kulturbau.ch\/ws19\/wp-json\/wp\/v2\/types\/mec-events"}],"author":[{"embeddable":true,"href":"https:\/\/kulturbau.ch\/ws19\/wp-json\/wp\/v2\/users\/3"}],"replies":[{"embeddable":true,"href":"https:\/\/kulturbau.ch\/ws19\/wp-json\/wp\/v2\/comments?post=4715"}],"version-history":[{"count":1,"href":"https:\/\/kulturbau.ch\/ws19\/wp-json\/wp\/v2\/mec-events\/4715\/revisions"}],"predecessor-version":[{"id":4716,"href":"https:\/\/kulturbau.ch\/ws19\/wp-json\/wp\/v2\/mec-events\/4715\/revisions\/4716"}],"wp:featuredmedia":[{"embeddable":true,"href":"https:\/\/kulturbau.ch\/ws19\/wp-json\/wp\/v2\/media\/3781"}],"wp:attachment":[{"href":"https:\/\/kulturbau.ch\/ws19\/wp-json\/wp\/v2\/media?parent=4715"}],"wp:term":[{"taxonomy":"post_tag","embeddable":true,"href":"https:\/\/kulturbau.ch\/ws19\/wp-json\/wp\/v2\/tags?post=4715"},{"taxonomy":"mec_category","embeddable":true,"href":"https:\/\/kulturbau.ch\/ws19\/wp-json\/wp\/v2\/mec_category?post=4715"}],"curies":[{"name":"wp","href":"https:\/\/api.w.org\/{rel}","templated":true}]}}