{"id":4120,"date":"2021-02-01T15:36:27","date_gmt":"2021-02-01T14:36:27","guid":{"rendered":"https:\/\/kulturbau.ch\/ws19\/?post_type=mec-events&#038;p=4120"},"modified":"2021-02-02T11:34:25","modified_gmt":"2021-02-02T10:34:25","slug":"rhaban-straumann-noch-ist-heute-2-2","status":"publish","type":"mec-events","link":"https:\/\/kulturbau.ch\/ws19\/veranstaltungen\/rhaban-straumann-noch-ist-heute-2-2\/","title":{"rendered":"RHABAN STRAUMANN \u2013 \u00abnoch ist heute\u00bb"},"content":{"rendered":"<div class=\"fusion-text fusion-text-1\">\n<p class=\"fusion-responsive-typography-calculated\" data-fontsize=\"28\" data-lineheight=\"33px\"><strong>Lesung mit Zwischenkl\u00e4ngen<br \/>\nRhaban Straumann &amp; Jane Mumford<\/strong><\/p>\n<p>Im April 2020 erschien das neue Buch des Schauspielers und Satirikers Rhaban Straumann \u00abnoch ist heute\u00bb. Es ist ein Konzentrat aus 10 Jahren Schreibarbeit, Essays und \u00fcberarbeitete Kolumnen, mal poetisch, stets scharfsinnig und gepr\u00e4gt von grosser Beobachtungsgabe f\u00fcr kleine Dinge.<\/p>\n<p>Straumann beschreibt zeitlose Aktualit\u00e4ten und schreibt von aktuellen Schicksalen oder schicksalhaften Augenblicken. Zwischen diesen Buchdeckeln l\u00e4sst es sich reisen. Ein kleines St\u00fcck Welt mit Abenteuer zwischen den Zeilen.<\/p>\n<p>F\u00fcr die Lesetour hat sich Rhaban Straumann mit der Illustratorin und B\u00fchnenk\u00fcnstlerin Jane Mumford zusammengetan. Zwei eigenwillige Menschen in einer lustvollen Begegnung von Schauspiel und Musik mit ernsten bis unterhaltsamen Noten.<\/p>\n<p>Seine Texte beschreiben Tierisches menschlich und Menschliches tiefgr\u00fcndig, ihre Lieder das fr\u00f6hliche und nicht-so-fr\u00f6hliche Scheitern. W\u00e4hrend er zum Beispiel von der Begegnung mit dem Moschusochsen erz\u00e4hlt, liefert sie den Soundtrack f\u00fcrs Kino im Kopf. Schwelgerische Schweizer Gem\u00fctlichkeit, musikalisch begleitet von sanfter britischer Ironie.<\/p>\n<\/div>\n<div class=\"fusion-text fusion-text-2\">\n<p><strong>Jane Mumford<\/strong> ist u.a. mit dem Duo 9VoltNelly unterwegs, zudem Illustratorin des Buchs!<\/p>\n<\/div>\n","protected":false},"excerpt":{"rendered":"<p>Lesung \u00abnoch ist heute\u00bb<\/p>\n","protected":false},"author":3,"featured_media":3102,"comment_status":"closed","ping_status":"closed","template":"","tags":[141,140],"mec_category":[138,109],"class_list":["post-4120","mec-events","type-mec-events","status-publish","has-post-thumbnail","hentry","tag-lesung","tag-rhaban-straumann","mec_category-rhaban-straumann","mec_category-kuenstler-in"],"yoast_head":"<!-- This site is optimized with the Yoast SEO plugin v27.1.1 - https:\/\/yoast.com\/product\/yoast-seo-wordpress\/ -->\n<title>RHABAN STRAUMANN \u2013 \u00abnoch ist heute\u00bb - Kulturbau GmbH<\/title>\n<meta name=\"description\" content=\"Rhaban Straumann Lesetour\" \/>\n<meta name=\"robots\" content=\"index, follow, max-snippet:-1, max-image-preview:large, max-video-preview:-1\" \/>\n<link rel=\"canonical\" href=\"https:\/\/kulturbau.ch\/ws19\/veranstaltungen\/rhaban-straumann-noch-ist-heute-2-2\/\" \/>\n<meta property=\"og:locale\" content=\"de_DE\" \/>\n<meta property=\"og:type\" content=\"article\" \/>\n<meta property=\"og:title\" content=\"RHABAN STRAUMANN \u2013 \u00abnoch ist heute\u00bb - Kulturbau GmbH\" \/>\n<meta property=\"og:description\" content=\"Rhaban Straumann Lesetour\" \/>\n<meta property=\"og:url\" content=\"https:\/\/kulturbau.ch\/ws19\/veranstaltungen\/rhaban-straumann-noch-ist-heute-2-2\/\" \/>\n<meta property=\"og:site_name\" content=\"Kulturbau GmbH\" \/>\n<meta property=\"article:publisher\" content=\"https:\/\/www.facebook.com\/kulturbau\" \/>\n<meta property=\"article:modified_time\" content=\"2021-02-02T10:34:25+00:00\" \/>\n<meta property=\"og:image\" content=\"https:\/\/kulturbau.ch\/ws19\/wp-content\/uploads\/2020\/09\/RHABAN_JANE_POSTCARD_heute_A6.jpg\" \/>\n\t<meta property=\"og:image:width\" content=\"413\" \/>\n\t<meta property=\"og:image:height\" content=\"582\" \/>\n\t<meta property=\"og:image:type\" content=\"image\/jpeg\" \/>\n<meta name=\"twitter:card\" content=\"summary_large_image\" \/>\n<meta name=\"twitter:label1\" content=\"Gesch\u00e4tzte Lesezeit\" \/>\n\t<meta name=\"twitter:data1\" content=\"1\u00a0Minute\" \/>\n<script type=\"application\/ld+json\" class=\"yoast-schema-graph\">{\"@context\":\"https:\/\/schema.org\",\"@graph\":[{\"@type\":\"WebPage\",\"@id\":\"https:\/\/kulturbau.ch\/ws19\/veranstaltungen\/rhaban-straumann-noch-ist-heute-2-2\/\",\"url\":\"https:\/\/kulturbau.ch\/ws19\/veranstaltungen\/rhaban-straumann-noch-ist-heute-2-2\/\",\"name\":\"RHABAN STRAUMANN \u2013 \u00abnoch ist heute\u00bb - Kulturbau GmbH\",\"isPartOf\":{\"@id\":\"https:\/\/kulturbau.ch\/ws19\/#website\"},\"primaryImageOfPage\":{\"@id\":\"https:\/\/kulturbau.ch\/ws19\/veranstaltungen\/rhaban-straumann-noch-ist-heute-2-2\/#primaryimage\"},\"image\":{\"@id\":\"https:\/\/kulturbau.ch\/ws19\/veranstaltungen\/rhaban-straumann-noch-ist-heute-2-2\/#primaryimage\"},\"thumbnailUrl\":\"https:\/\/kulturbau.ch\/ws19\/wp-content\/uploads\/2020\/09\/RHABAN_JANE_POSTCARD_heute_A6.jpg\",\"datePublished\":\"2021-02-01T14:36:27+00:00\",\"dateModified\":\"2021-02-02T10:34:25+00:00\",\"description\":\"Rhaban Straumann Lesetour\",\"breadcrumb\":{\"@id\":\"https:\/\/kulturbau.ch\/ws19\/veranstaltungen\/rhaban-straumann-noch-ist-heute-2-2\/#breadcrumb\"},\"inLanguage\":\"de-CH\",\"potentialAction\":[{\"@type\":\"ReadAction\",\"target\":[\"https:\/\/kulturbau.ch\/ws19\/veranstaltungen\/rhaban-straumann-noch-ist-heute-2-2\/\"]}]},{\"@type\":\"ImageObject\",\"inLanguage\":\"de-CH\",\"@id\":\"https:\/\/kulturbau.ch\/ws19\/veranstaltungen\/rhaban-straumann-noch-ist-heute-2-2\/#primaryimage\",\"url\":\"https:\/\/kulturbau.ch\/ws19\/wp-content\/uploads\/2020\/09\/RHABAN_JANE_POSTCARD_heute_A6.jpg\",\"contentUrl\":\"https:\/\/kulturbau.ch\/ws19\/wp-content\/uploads\/2020\/09\/RHABAN_JANE_POSTCARD_heute_A6.jpg\",\"width\":413,\"height\":582,\"caption\":\"Rhaban Straumann\"},{\"@type\":\"BreadcrumbList\",\"@id\":\"https:\/\/kulturbau.ch\/ws19\/veranstaltungen\/rhaban-straumann-noch-ist-heute-2-2\/#breadcrumb\",\"itemListElement\":[{\"@type\":\"ListItem\",\"position\":1,\"name\":\"Home\",\"item\":\"https:\/\/kulturbau.ch\/ws19\/\"},{\"@type\":\"ListItem\",\"position\":2,\"name\":\"Events\",\"item\":\"https:\/\/kulturbau.ch\/ws19\/veranstaltungen\/\"},{\"@type\":\"ListItem\",\"position\":3,\"name\":\"RHABAN STRAUMANN \u2013 \u00abnoch ist heute\u00bb\"}]},{\"@type\":\"WebSite\",\"@id\":\"https:\/\/kulturbau.ch\/ws19\/#website\",\"url\":\"https:\/\/kulturbau.ch\/ws19\/\",\"name\":\"Kulturbau GmbH\",\"description\":\"K\u00fcnstlervermittlung &amp; Kulturproduktionen\",\"publisher\":{\"@id\":\"https:\/\/kulturbau.ch\/ws19\/#organization\"},\"potentialAction\":[{\"@type\":\"SearchAction\",\"target\":{\"@type\":\"EntryPoint\",\"urlTemplate\":\"https:\/\/kulturbau.ch\/ws19\/?s={search_term_string}\"},\"query-input\":{\"@type\":\"PropertyValueSpecification\",\"valueRequired\":true,\"valueName\":\"search_term_string\"}}],\"inLanguage\":\"de-CH\"},{\"@type\":\"Organization\",\"@id\":\"https:\/\/kulturbau.ch\/ws19\/#organization\",\"name\":\"Kulturbau GmbH\",\"url\":\"https:\/\/kulturbau.ch\/ws19\/\",\"logo\":{\"@type\":\"ImageObject\",\"inLanguage\":\"de-CH\",\"@id\":\"https:\/\/kulturbau.ch\/ws19\/#\/schema\/logo\/image\/\",\"url\":\"https:\/\/kulturbau.ch\/ws19\/wp-content\/uploads\/2019\/07\/kulturbau_logo.gif\",\"contentUrl\":\"https:\/\/kulturbau.ch\/ws19\/wp-content\/uploads\/2019\/07\/kulturbau_logo.gif\",\"width\":313,\"height\":58,\"caption\":\"Kulturbau GmbH\"},\"image\":{\"@id\":\"https:\/\/kulturbau.ch\/ws19\/#\/schema\/logo\/image\/\"},\"sameAs\":[\"https:\/\/www.facebook.com\/kulturbau\",\"https:\/\/www.instagram.com\/kulturbau_agentur\/\"]}]}<\/script>\n<!-- \/ Yoast SEO plugin. -->","yoast_head_json":{"title":"RHABAN STRAUMANN \u2013 \u00abnoch ist heute\u00bb - Kulturbau GmbH","description":"Rhaban Straumann Lesetour","robots":{"index":"index","follow":"follow","max-snippet":"max-snippet:-1","max-image-preview":"max-image-preview:large","max-video-preview":"max-video-preview:-1"},"canonical":"https:\/\/kulturbau.ch\/ws19\/veranstaltungen\/rhaban-straumann-noch-ist-heute-2-2\/","og_locale":"de_DE","og_type":"article","og_title":"RHABAN STRAUMANN \u2013 \u00abnoch ist heute\u00bb - Kulturbau GmbH","og_description":"Rhaban Straumann Lesetour","og_url":"https:\/\/kulturbau.ch\/ws19\/veranstaltungen\/rhaban-straumann-noch-ist-heute-2-2\/","og_site_name":"Kulturbau GmbH","article_publisher":"https:\/\/www.facebook.com\/kulturbau","article_modified_time":"2021-02-02T10:34:25+00:00","og_image":[{"width":413,"height":582,"url":"https:\/\/kulturbau.ch\/ws19\/wp-content\/uploads\/2020\/09\/RHABAN_JANE_POSTCARD_heute_A6.jpg","type":"image\/jpeg"}],"twitter_card":"summary_large_image","twitter_misc":{"Gesch\u00e4tzte Lesezeit":"1\u00a0Minute"},"schema":{"@context":"https:\/\/schema.org","@graph":[{"@type":"WebPage","@id":"https:\/\/kulturbau.ch\/ws19\/veranstaltungen\/rhaban-straumann-noch-ist-heute-2-2\/","url":"https:\/\/kulturbau.ch\/ws19\/veranstaltungen\/rhaban-straumann-noch-ist-heute-2-2\/","name":"RHABAN STRAUMANN \u2013 \u00abnoch ist heute\u00bb - Kulturbau GmbH","isPartOf":{"@id":"https:\/\/kulturbau.ch\/ws19\/#website"},"primaryImageOfPage":{"@id":"https:\/\/kulturbau.ch\/ws19\/veranstaltungen\/rhaban-straumann-noch-ist-heute-2-2\/#primaryimage"},"image":{"@id":"https:\/\/kulturbau.ch\/ws19\/veranstaltungen\/rhaban-straumann-noch-ist-heute-2-2\/#primaryimage"},"thumbnailUrl":"https:\/\/kulturbau.ch\/ws19\/wp-content\/uploads\/2020\/09\/RHABAN_JANE_POSTCARD_heute_A6.jpg","datePublished":"2021-02-01T14:36:27+00:00","dateModified":"2021-02-02T10:34:25+00:00","description":"Rhaban Straumann Lesetour","breadcrumb":{"@id":"https:\/\/kulturbau.ch\/ws19\/veranstaltungen\/rhaban-straumann-noch-ist-heute-2-2\/#breadcrumb"},"inLanguage":"de-CH","potentialAction":[{"@type":"ReadAction","target":["https:\/\/kulturbau.ch\/ws19\/veranstaltungen\/rhaban-straumann-noch-ist-heute-2-2\/"]}]},{"@type":"ImageObject","inLanguage":"de-CH","@id":"https:\/\/kulturbau.ch\/ws19\/veranstaltungen\/rhaban-straumann-noch-ist-heute-2-2\/#primaryimage","url":"https:\/\/kulturbau.ch\/ws19\/wp-content\/uploads\/2020\/09\/RHABAN_JANE_POSTCARD_heute_A6.jpg","contentUrl":"https:\/\/kulturbau.ch\/ws19\/wp-content\/uploads\/2020\/09\/RHABAN_JANE_POSTCARD_heute_A6.jpg","width":413,"height":582,"caption":"Rhaban Straumann"},{"@type":"BreadcrumbList","@id":"https:\/\/kulturbau.ch\/ws19\/veranstaltungen\/rhaban-straumann-noch-ist-heute-2-2\/#breadcrumb","itemListElement":[{"@type":"ListItem","position":1,"name":"Home","item":"https:\/\/kulturbau.ch\/ws19\/"},{"@type":"ListItem","position":2,"name":"Events","item":"https:\/\/kulturbau.ch\/ws19\/veranstaltungen\/"},{"@type":"ListItem","position":3,"name":"RHABAN STRAUMANN \u2013 \u00abnoch ist heute\u00bb"}]},{"@type":"WebSite","@id":"https:\/\/kulturbau.ch\/ws19\/#website","url":"https:\/\/kulturbau.ch\/ws19\/","name":"Kulturbau GmbH","description":"K\u00fcnstlervermittlung &amp; Kulturproduktionen","publisher":{"@id":"https:\/\/kulturbau.ch\/ws19\/#organization"},"potentialAction":[{"@type":"SearchAction","target":{"@type":"EntryPoint","urlTemplate":"https:\/\/kulturbau.ch\/ws19\/?s={search_term_string}"},"query-input":{"@type":"PropertyValueSpecification","valueRequired":true,"valueName":"search_term_string"}}],"inLanguage":"de-CH"},{"@type":"Organization","@id":"https:\/\/kulturbau.ch\/ws19\/#organization","name":"Kulturbau GmbH","url":"https:\/\/kulturbau.ch\/ws19\/","logo":{"@type":"ImageObject","inLanguage":"de-CH","@id":"https:\/\/kulturbau.ch\/ws19\/#\/schema\/logo\/image\/","url":"https:\/\/kulturbau.ch\/ws19\/wp-content\/uploads\/2019\/07\/kulturbau_logo.gif","contentUrl":"https:\/\/kulturbau.ch\/ws19\/wp-content\/uploads\/2019\/07\/kulturbau_logo.gif","width":313,"height":58,"caption":"Kulturbau GmbH"},"image":{"@id":"https:\/\/kulturbau.ch\/ws19\/#\/schema\/logo\/image\/"},"sameAs":["https:\/\/www.facebook.com\/kulturbau","https:\/\/www.instagram.com\/kulturbau_agentur\/"]}]}},"_links":{"self":[{"href":"https:\/\/kulturbau.ch\/ws19\/wp-json\/wp\/v2\/mec-events\/4120","targetHints":{"allow":["GET"]}}],"collection":[{"href":"https:\/\/kulturbau.ch\/ws19\/wp-json\/wp\/v2\/mec-events"}],"about":[{"href":"https:\/\/kulturbau.ch\/ws19\/wp-json\/wp\/v2\/types\/mec-events"}],"author":[{"embeddable":true,"href":"https:\/\/kulturbau.ch\/ws19\/wp-json\/wp\/v2\/users\/3"}],"replies":[{"embeddable":true,"href":"https:\/\/kulturbau.ch\/ws19\/wp-json\/wp\/v2\/comments?post=4120"}],"version-history":[{"count":4,"href":"https:\/\/kulturbau.ch\/ws19\/wp-json\/wp\/v2\/mec-events\/4120\/revisions"}],"predecessor-version":[{"id":4166,"href":"https:\/\/kulturbau.ch\/ws19\/wp-json\/wp\/v2\/mec-events\/4120\/revisions\/4166"}],"wp:featuredmedia":[{"embeddable":true,"href":"https:\/\/kulturbau.ch\/ws19\/wp-json\/wp\/v2\/media\/3102"}],"wp:attachment":[{"href":"https:\/\/kulturbau.ch\/ws19\/wp-json\/wp\/v2\/media?parent=4120"}],"wp:term":[{"taxonomy":"post_tag","embeddable":true,"href":"https:\/\/kulturbau.ch\/ws19\/wp-json\/wp\/v2\/tags?post=4120"},{"taxonomy":"mec_category","embeddable":true,"href":"https:\/\/kulturbau.ch\/ws19\/wp-json\/wp\/v2\/mec_category?post=4120"}],"curies":[{"name":"wp","href":"https:\/\/api.w.org\/{rel}","templated":true}]}}